{"id":965,"date":"2017-02-13T14:30:10","date_gmt":"2017-02-13T19:30:10","guid":{"rendered":"https:\/\/lagrandeecoledesaffaires.com\/?page_id=965"},"modified":"2026-01-12T16:14:47","modified_gmt":"2026-01-12T21:14:47","slug":"temoignages","status":"publish","type":"page","link":"https:\/\/lagrandeecoledesaffaires.com\/index.php\/temoignages\/","title":{"rendered":"T\u00e9moignages"},"content":{"rendered":"<p><strong>Vous nous avez \u00e9crit&#8230;<\/strong><\/p>\n<p><strong>LE DROIT<\/strong><\/p>\n<p><span style=\"color: #ff0000;\"><strong>L\u2019h\u00f4pital de Hawkesbury est actuellement la deuxi\u00e8me meilleure H\u00f4pital\u00a0 au Canada pour les bons soins de sant\u00e9.<\/strong><\/span><\/p>\n<p><span style=\"color: #ff0000;\"><strong> (Maclean&rsquo;s, Source Le Droit 27 ao\u00fbt 2019).<\/strong><\/span><\/p>\n<p><em><b><span style=\"color: #000080;\">La Grande \u00c9cole des Affaires<\/span> a form\u00e9 l\u2019ensemble du personnel de l&rsquo;h\u00f4pital de Hawkesbury,\u00a0 incluant m\u00e9decins et haute direction en Attitude patient\/coll\u00e8gues et les gestionnaires en N\u00e9gociation Strat\u00e9gique et Leadership de Gestion.<\/b><\/em><\/p>\n<p><em><strong><span style=\"color: #ff0000;\">Avec La Grande \u00c9cole des Affaires, vous permettez \u00e0 votre \u00e9quipe: d&rsquo;apprendre rapidement ce que la vie enseigne en plusieurs ann\u00e9es.<\/span><\/strong><\/em><\/p>\n<p>Nous offrons de la formation depuis d\u00e9j\u00e0 30 ans et les cas de succ\u00e8s story sont nombreux chez nos clients<\/p>\n<p>Les Chocolats Favoris<\/p>\n<blockquote><p>Nous avons eu l&rsquo;occasion de travailler pendant plusieurs ann\u00e9es avec la Grande \u00c9cole des Affaires. Les formations suivies en grand public ou en entreprise ont \u00e9t\u00e9 Attitudes Client\/Coll\u00e8gue,L&rsquo;exp\u00e9rience client, Leadership, l&rsquo;Art de N\u00e9gocier, la Subtilit\u00e9 de la Vente et Gestion du temps. Ils sont tr\u00e8s professionnels et leurs conseils ont contribu\u00e9 dans la progression de notre entreprise. Nous les recommandons fortement.<\/p><\/blockquote>\n<p><img loading=\"lazy\" decoding=\"async\" class=\"alignnone size-thumbnail wp-image-992\" src=\"https:\/\/lagrandeecoledesaffaires.com\/wp-content\/uploads\/2017\/02\/ChocolatsFavoris1-150x150.png\" alt=\"\" width=\"150\" height=\"150\" srcset=\"https:\/\/lagrandeecoledesaffaires.com\/wp-content\/uploads\/2017\/02\/ChocolatsFavoris1-150x150.png 150w, https:\/\/lagrandeecoledesaffaires.com\/wp-content\/uploads\/2017\/02\/ChocolatsFavoris1-300x300.png 300w, https:\/\/lagrandeecoledesaffaires.com\/wp-content\/uploads\/2017\/02\/ChocolatsFavoris1.png 425w\" sizes=\"auto, (max-width: 150px) 100vw, 150px\" \/><br \/>\n<strong>Christine Beaulieu<\/strong><br \/>\n<strong>Ga\u00e9tan V\u00e9zina<\/strong><br \/>\nFondateurs<\/p>\n<hr \/>\n<p>&nbsp;<\/p>\n<blockquote><p>En 1993, j&rsquo;ai eu l&rsquo;occasion de conna\u00eetre La grande \u00e9cole des affaires en suivant une formation L&rsquo;art de n\u00e9gocier. Je leur ai demand\u00e9 si cette formation pouvait \u00eatre modifi\u00e9e et devenir Attitude Client. \u00c0 cette \u00e9poque, mon entreprise de Beloeil,\u00a0BMC n&rsquo;avait que 17 employ\u00e9(e)s. En 2012, j&rsquo;ai accept\u00e9 une offre d&rsquo;achat pour mon entreprise qui \u00e9tait devenue pan canadien de LKQ, une multinationale dont je suis maintenant directeur des relations publiques et marketing pour l&rsquo;Est du Canada. En 2013 avec La grande \u00c9cole des Affaires, nous avons travaill\u00e9 sur des formations en Leadership de gestion et en Attitude Client pour nos 650 employ\u00e9(e)s au Qu\u00e9bec.<\/p>\n<p>Je dois avouer qu&rsquo;ils sont \u00e0 la hauteur.<\/p><\/blockquote>\n<p><img loading=\"lazy\" decoding=\"async\" class=\"alignnone size-full wp-image-988\" src=\"https:\/\/lagrandeecoledesaffaires.com\/wp-content\/uploads\/2017\/02\/BMC.jpg\" alt=\"\" width=\"80\" height=\"39\" \/><br \/>\n<strong>Sylvain Lavall\u00e9e<\/strong> (BMC, LKQ)<\/p>\n<hr \/>\n<blockquote><p>M. Jacques Arsenault, directeur financier en chef de Caldera Ressources Inc., \u00e9tait le directeur g\u00e9n\u00e9ral de Batteries \u00c9lectriques Gagnon, une compagnie responsable de la distribution, du service, de la fabrication de pi\u00e8ces, ainsi que de la r\u00e9paration et la vente de camions et v\u00e9hicules sp\u00e9cialis\u00e9s. Son mandat \u00e9tant de restructurer une entreprise rentable en l&rsquo;amenant \u00e0 un niveau de profitabilit\u00e9 exceptionnel. En collaboration avec la Grande \u00c9cole des Affaires, M. Arsenault a implant\u00e9 la Certification Attitude Client, o\u00f9 il a fait former les 280 employ\u00e9(e)s en Attitude Client, experriance Client, Leadership et l&rsquo;Art de n\u00e9gocier. Cette excellente rentabilit\u00e9 a permis \u00e0 Batteries Gagnon d&rsquo;\u00eatre achet\u00e9 par Uni-Select. Uni-Select a par la suite form\u00e9 son personnel au si\u00e8ge social de Boucherville en Attitude Client.<\/p>\n<p>Lors du mois de mai 2014, la formation Leadership de gestion coupl\u00e9e avec celle d&rsquo;Attitude Client\/Coll\u00e8gue a donn\u00e9 des r\u00e9sultats exceptionnels parmi nos 675 employ\u00e9s(es) au Qu\u00e9bec. En 2014, nous planifions continuer les diff\u00e9rents plans de formation avec la Grande \u00c9cole des affaires. Le client est la raison d&rsquo;\u00eatre et la valeur de notre entreprise.<\/p><\/blockquote>\n<p><img loading=\"lazy\" decoding=\"async\" class=\"alignnone size-full wp-image-1021\" src=\"https:\/\/lagrandeecoledesaffaires.com\/wp-content\/uploads\/2017\/02\/calderalogo1.jpg\" alt=\"\" width=\"170\" height=\"116\" \/><br \/>\n<b>Jacques Arsenault<\/b><br \/>\nDirecteur g\u00e9n\u00e9ral<br \/>\nCaldera Resources<\/p>\n<hr \/>\n<blockquote><p>Votre formation en n\u00e9gociation est tr\u00e8s pertinente et adapt\u00e9e aux besoins de notre \u00e9quipe d&rsquo;acheteurs. Nous sommes d\u00e9j\u00e0 en mesure de constater d&rsquo;excellents r\u00e9sultats.<\/p><\/blockquote>\n<p><img loading=\"lazy\" decoding=\"async\" class=\"alignnone size-full wp-image-993\" src=\"https:\/\/lagrandeecoledesaffaires.com\/wp-content\/uploads\/2017\/02\/Logo_Bombardier1.jpg\" alt=\"\" width=\"104\" height=\"105\" \/><br \/>\n<strong>Pierre Boyer<\/strong>, Directeur g\u00e9n\u00e9ral<br \/>\nBOMBARDIER A\u00c9ROSPATIAL INC.<\/p>\n<hr \/>\n<blockquote><p>Le cours en N\u00c9GOCIATION STRAT\u00c9GIQUE auquel je me suis inscrit aupr\u00e8s de La Grande \u00c9cole des Affaires est d&rsquo;excellente qualit\u00e9.\u00a0\u00a0Dans un format simple et direct, la mati\u00e8re est bien cern\u00e9e et pr\u00e9sent\u00e9e de fa\u00e7on int\u00e9ressante et efficace.<\/p><\/blockquote>\n<p><img loading=\"lazy\" decoding=\"async\" class=\"alignnone size-medium wp-image-1023\" src=\"https:\/\/lagrandeecoledesaffaires.com\/wp-content\/uploads\/2017\/02\/udem_logo1-300x97.gif\" alt=\"\" width=\"300\" height=\"97\" \/><br \/>\n<strong>Jean-Bernard Robichaud<\/strong>, Ph.D, Le Recteur<br \/>\nUNIVERSIT\u00c9 DE MONCTON<\/p>\n<hr \/>\n<blockquote><p>Une conf\u00e9rence dynamique, L\u2019Art de n\u00e9gocier, que je recommande fortement et un incontournable dans une organisation.<\/p><\/blockquote>\n<p><img loading=\"lazy\" decoding=\"async\" class=\"alignnone size-medium wp-image-1024\" src=\"https:\/\/lagrandeecoledesaffaires.com\/wp-content\/uploads\/2017\/02\/Wolf-Blass-Logo1-300x115.jpg\" alt=\"\" width=\"300\" height=\"115\" srcset=\"https:\/\/lagrandeecoledesaffaires.com\/wp-content\/uploads\/2017\/02\/Wolf-Blass-Logo1-300x115.jpg 300w, https:\/\/lagrandeecoledesaffaires.com\/wp-content\/uploads\/2017\/02\/Wolf-Blass-Logo1-600x231.jpg 600w, https:\/\/lagrandeecoledesaffaires.com\/wp-content\/uploads\/2017\/02\/Wolf-Blass-Logo1-768x295.jpg 768w, https:\/\/lagrandeecoledesaffaires.com\/wp-content\/uploads\/2017\/02\/Wolf-Blass-Logo1-1024x394.jpg 1024w\" sizes=\"auto, (max-width: 300px) 100vw, 300px\" \/><br \/>\n<strong>Wolf Blass<\/strong>, Pr\u00e9sident<br \/>\n2\u00e8me producteur de vin au monde.<\/p>\n<hr \/>\n<blockquote><p>L&rsquo;Art de n\u00e9gocier, une formation int\u00e9ressante et tr\u00e8s bien structur\u00e9e<\/p><\/blockquote>\n<p><strong><img loading=\"lazy\" decoding=\"async\" class=\"alignnone size-medium wp-image-1025\" src=\"https:\/\/lagrandeecoledesaffaires.com\/wp-content\/uploads\/2017\/02\/Logo_Quebec_C1-300x66.jpg\" alt=\"\" width=\"300\" height=\"66\" srcset=\"https:\/\/lagrandeecoledesaffaires.com\/wp-content\/uploads\/2017\/02\/Logo_Quebec_C1-300x66.jpg 300w, https:\/\/lagrandeecoledesaffaires.com\/wp-content\/uploads\/2017\/02\/Logo_Quebec_C1-600x133.jpg 600w, https:\/\/lagrandeecoledesaffaires.com\/wp-content\/uploads\/2017\/02\/Logo_Quebec_C1.jpg 692w\" sizes=\"auto, (max-width: 300px) 100vw, 300px\" \/><br \/>\nHugo Canuel<\/strong><br \/>\nFaune Qu\u00e9bec<\/p>\n<hr \/>\n<blockquote><p>C&rsquo;est gr\u00e2ce \u00e0 vous si j&rsquo;ai maintenant l&rsquo;attitude client et que j&rsquo;ai aussi acquis de nouveaux outils afin de n\u00e9gocier mes ententes contractuels. Je constate d\u00e8j\u00e0 d&rsquo;excellents r\u00e9sultats. Vos s\u00e9minaires m&rsquo;ont \u00e9t\u00e9 tr\u00e8s profitables et c&rsquo;est sans aucune h\u00e9sitation que je recommanderai vos services.<\/p><\/blockquote>\n<p><strong>Bob Sirois<\/strong><br \/>\nex-hockeyeur des Flyers de Philadelphie et des Capitals de Washington<\/p>\n<p style=\"padding-left: 30px;\"><img loading=\"lazy\" decoding=\"async\" class=\"size-full wp-image-997 alignleft\" src=\"https:\/\/lagrandeecoledesaffaires.com\/wp-content\/uploads\/2017\/02\/BobSirois21.jpg\" alt=\"\" width=\"157\" height=\"265\" \/><img loading=\"lazy\" decoding=\"async\" class=\"size-full wp-image-996 alignright\" src=\"https:\/\/lagrandeecoledesaffaires.com\/wp-content\/uploads\/2017\/02\/BobSirois11.jpg\" alt=\"\" width=\"211\" height=\"267\" \/><strong>\u00c9galement auteur des livres suivants:<\/strong><\/p>\n<p>Le Qu\u00e9bec mis en \u00e9chec, Ed. de l&rsquo;Homme octobre 2009<br \/>\nDiscrimination in the NHL, Baraka books septembre 2010<br \/>\nPlan\u00e8te Zoockey, Ed. de l&rsquo;Homme, f\u00e9vrier 2012.<br \/>\nBagages en cavale, Ed. de l&rsquo;Homme , mai 2012.<\/p>\n<p>Bob Sirois, ailier droit, a jou\u00e9 plusieurs saisons avec les Flyers de Philadelphie et les Capitals de Washington. Sa carri\u00e8re fut \u00e9court\u00e9e par une grave blessure au dos qui paralysa sa jambe gauche. Il a amass\u00e9 212 points en 286 matchs, compt\u00e9 92 buts avec une moyenne de 3.2 buts par match dans la LNH. Il a repr\u00e9sent\u00e9 les Capitals de Washington au match des \u00e9toiles en 1978 (R\u00e9jean Tremblay, La Presse) Un client de La Grande \u00c9cole des Affaires<\/p>\n<p>&nbsp;<\/p>\n<hr \/>\n<blockquote><p>\u00a0Le virage ATTITUDE CLIENT et Exp\u00e9rience client est extr\u00eamement positif. Il a apport\u00e9 des r\u00e9sultats concrets et mesurables qui d\u00e9passent de loin nos esp\u00e9rances. Nous avons pu remarquer plusieurs points d&rsquo;am\u00e9lioration, dont une meilleure ambiance de travail, beaucoup plus positive, une meilleure collaboration de la part des repr\u00e9sentants syndicaux, un niveau de respect nettement sup\u00e9rieur entre les employ\u00e9s, une productivit\u00e9 qui augmente de fa\u00e7on constante, une diminution spectaculaire des erreurs, des plaintes et des retours de la client\u00e8le, ainsi qu&rsquo;un entrep\u00f4t plus propre\u00a0et plus fonctionnel.<\/p><\/blockquote>\n<p><img loading=\"lazy\" decoding=\"async\" class=\"alignnone size-full wp-image-1026\" src=\"https:\/\/lagrandeecoledesaffaires.com\/wp-content\/uploads\/2017\/02\/uniselect_logo1.png\" alt=\"\" width=\"240\" height=\"98\" \/><br \/>\n<strong>Marcel Fortin<\/strong><br \/>\nDirecteur<br \/>\nCentre de distribution de Boucherville<br \/>\nUNI-S\u00c9LECT<\/p>\n<hr \/>\n<p>&nbsp;<\/p>\n<blockquote><p>Notre Certification Attitude Client nous aide \u00e0 percer le march\u00e9 des grandes entreprises tel que Bell, Hydro-Qu\u00e9bec, Vid\u00e9otron et Gaz M\u00e9tropolitain, qui nous ont accord\u00e9 des mandats importants que nous esp\u00e9rions depuis longtemps. Nous sommes r\u00e9ellement enthousiastes et recommandons sans h\u00e9siter \u00e0 toutes les entreprises de devenir les premi\u00e8res \u00e0 avoir compl\u00e9t\u00e9 leur processus Attitude Client dans leur cr\u00e9neau d&rsquo;affaires. Cela repr\u00e9sente une opportunit\u00e9 extraordinaire qui rapporte encore plus que nous n&rsquo;osions y croire.<\/p><\/blockquote>\n<p><img loading=\"lazy\" decoding=\"async\" class=\"alignnone size-full wp-image-1028\" src=\"https:\/\/lagrandeecoledesaffaires.com\/wp-content\/uploads\/2017\/02\/logo_camion1.png\" alt=\"\" width=\"287\" height=\"122\" \/><br \/>\n<strong>\u00c9ric Bernard,<\/strong><br \/>\nPr\u00e9sident,<br \/>\nLE CARROSSIER RIVE-SUD \/ AUTOPRO<\/p>\n<hr \/>\n<blockquote><p>\u00a0Je tenais \u00e0 vous remercier pour votre pr\u00e9cieuse collaboration et la qualit\u00e9 du travail effectu\u00e9 aupr\u00e8s de notre personnel dans le cadre de notre programme de Certification Attitude Client. Je suis certain d&rsquo;avoir trouv\u00e9 avec La Grande \u00c9cole des Affaires des partenaires d\u00e9vou\u00e9s et consciencieux qui veilleront longtemps \u00e0 soutenir les efforts que nous d\u00e9ployons pour atteindre nos objectifs et demeurer chef de file dans notre domaine.<\/p>\n<p>En effet, pour demeurer des leaders, il faut constamment innover afin de d\u00e9passer la moyenne de l&rsquo;industrie. Le sentiment d&rsquo;appartenance, la cr\u00e9ativit\u00e9 sur les chantiers ainsi que la communication entre les diff\u00e9rentes \u00e9quipes, sont toutes primordiales \u00e0 notre logistique. Ils influencent directement nos marges b\u00e9n\u00e9ficiaires et la qualit\u00e9 de nos services. La structure de suivi de la Certification Attitude Client nous permet de motiver constamment nos employ\u00e9s, tout en leur apportant des outils concrets d&rsquo;am\u00e9lioration constante de la qualit\u00e9. Une dynamique tr\u00e8s efficace et rassurante.<\/p><\/blockquote>\n<p><strong>Ren\u00e9 Pag\u00e9,<\/strong><br \/>\nVice-Pr\u00e9sident<br \/>\nCHAGNON (1975) LT\u00c9E.<\/p>\n<hr \/>\n<blockquote><p>Les r\u00e9sultats sont spectaculaires; nous avons accru le nombre de nouveaux assur\u00e9s dans une proportion de 44%!\u00a0 Cela nous semble presque incroyable. De plus, cette progression a \u00e9t\u00e9 enregistr\u00e9e sans que nous ayons embauch\u00e9 de nouvelles ressources; les profits sont donc particuli\u00e8rement int\u00e9ressants. Nous expliquons ce ph\u00e9nom\u00e8ne par la mobilisation de nos employ\u00e9s qui, \u00e0 la suite du programme, se sont sentis partie prenante du succ\u00e8s de l&rsquo;entreprise. Les preuves sont l\u00e0 et nous nous f\u00e9licitons d&rsquo;avoir os\u00e9 la certification.<\/p><\/blockquote>\n<p><img loading=\"lazy\" decoding=\"async\" class=\"alignnone size-full wp-image-1029\" src=\"https:\/\/lagrandeecoledesaffaires.com\/wp-content\/uploads\/2017\/02\/gpl_logo_fr1.png\" alt=\"\" width=\"137\" height=\"110\" \/><br \/>\n<strong>Gilles Girard<\/strong>,<br \/>\nDirecteur g\u00e9n\u00e9ral,<br \/>\nG. PROULX &amp; ASSOCI\u00c9S ASSURANCES<\/p>\n<hr \/>\n<blockquote><p>Votre programme ATTITUDE CLIENT a renforc\u00e9 l&rsquo;esprit d&rsquo;\u00e9quipe, d\u00e9velopp\u00e9 avec les clients externes et internes le go\u00fbt de communiquer, tant au point de vue transactionnel, que relationnel. Notre \u00e9quipe de 40 personnes se d\u00e9marque maintenant de la comp\u00e9tion par son d\u00e9sir de servir le client,(l.exp\u00e9rience client \u00a0dynamique) \u00a0et non pas en r\u00e9pondant \u00e0 une commande, mais en s&rsquo;int\u00e9ressant aux besoins r\u00e9els de celui-ci, et par la suite en y apportant l&rsquo;attention n\u00e9cessaire qui permet alors d&rsquo;y r\u00e9pondre.<\/p>\n<p>Cette approche g\u00e9n\u00e8re chez nous une nous augmentation du chiffre d&rsquo;affaire, ainsi qu&rsquo;un taux de fid\u00e9lisation de la client\u00e8le tr\u00e8s \u00e9lev\u00e9. Nous recommandons sans h\u00e9siter ATTITUDE CLIENT \u00e0 toute entreprise qui traite avec le grand public.<\/p><\/blockquote>\n<p><img loading=\"lazy\" decoding=\"async\" class=\"alignnone size-medium wp-image-1030\" src=\"https:\/\/lagrandeecoledesaffaires.com\/wp-content\/uploads\/2017\/02\/BMR_logo1-300x79.png\" alt=\"\" width=\"300\" height=\"79\" srcset=\"https:\/\/lagrandeecoledesaffaires.com\/wp-content\/uploads\/2017\/02\/BMR_logo1-300x79.png 300w, https:\/\/lagrandeecoledesaffaires.com\/wp-content\/uploads\/2017\/02\/BMR_logo1-600x158.png 600w, https:\/\/lagrandeecoledesaffaires.com\/wp-content\/uploads\/2017\/02\/BMR_logo1-768x203.png 768w, https:\/\/lagrandeecoledesaffaires.com\/wp-content\/uploads\/2017\/02\/BMR_logo1-1024x270.png 1024w\" sizes=\"auto, (max-width: 300px) 100vw, 300px\" \/><br \/>\n<strong>Donald Boudreau<\/strong>, Directeur g\u00e9n\u00e9ral<br \/>\nLE GROUPE BMR, BMR ST-JEAN<\/p>\n<hr \/>\n<blockquote><p>Raymond G., je t&rsquo;ai connu quand j&rsquo;\u00e9tais vice-pr\u00e9sident de Montr\u00e9al Trust. Tu as \u00e9t\u00e9 notre\u00a0meilleur consultant! Ton travail en N\u00e9gociation et ton attitude sont exceptionnels. Toujours aussi dynamique et professionnel.<\/p><\/blockquote>\n<p><strong>TSMA<br \/>\nBernard Thibault<\/strong>, Pr\u00e9sident<br \/>\nThibault, Messier, Savard<\/p>\n<hr \/>\n<blockquote><p>C&rsquo;est avec grand int\u00e9r\u00eat que j&rsquo;ai\u00a0suivi le programme \u00ab\u00a0N\u00e9gociation Strat\u00e9gique\u00a0\u00bb de LPU. De par mon travail qui demande\u00a0\u00a0en bonne partie de la n\u00e9gociation, ce programme m&rsquo;a apport\u00e9 de nouvelles fa\u00e7ons de voir les choses ainsi qu&rsquo;une nouvelle approche dans ce domaine. Le tout men\u00e9 d&rsquo;une main de ma\u00eetre par M. Raymond G. Par\u00e9, dont la r\u00e9putation n&rsquo;est plus \u00e0 faire.\u00a0C&rsquo;est donc sans h\u00e9sitation que je vous recommande de suivre un de ses cours.<\/p><\/blockquote>\n<p><img loading=\"lazy\" decoding=\"async\" class=\"alignnone size-medium wp-image-1031\" src=\"https:\/\/lagrandeecoledesaffaires.com\/wp-content\/uploads\/2017\/02\/cogeco_cable_logo1-e1487262424846-300x84.jpg\" alt=\"\" width=\"300\" height=\"84\" srcset=\"https:\/\/lagrandeecoledesaffaires.com\/wp-content\/uploads\/2017\/02\/cogeco_cable_logo1-e1487262424846-300x84.jpg 300w, https:\/\/lagrandeecoledesaffaires.com\/wp-content\/uploads\/2017\/02\/cogeco_cable_logo1-e1487262424846.jpg 591w\" sizes=\"auto, (max-width: 300px) 100vw, 300px\" \/><br \/>\n<strong>Madeleine C\u00f4t\u00e9<\/strong><br \/>\nDirectrice, comptes majeurs-Qu\u00e9bec<br \/>\nCOGECO C\u00c2BLE INC.<\/p>\n<hr \/>\n<blockquote><p>On m&rsquo;avait confi\u00e9 le mandat de n\u00e9gocier l&rsquo;achat d&rsquo;un complexe h\u00f4telier et centre de congr\u00e8s d&rsquo;envergure dans les Cara\u00efbes. Un de nos clients nous a parl\u00e9 de toi. Tes judicieux conseils\u00a0en n\u00e9gociation et ta pr\u00e9sence nous ont permis de faire une tr\u00e8s bonne transaction et ce, mieux que nous ne l&rsquo;avions envisag\u00e9. Tes services ont \u00e9t\u00e9 l&rsquo;un de nos meilleurs investissements. Le d\u00e9but d&rsquo;une longue relation d&rsquo;affaire. Merci Raymond G. Comme certains te qualifient, tu es un Irr\u00e9sistible! M\u00eame dans un domaine aussi\u00a0cart\u00e9sien que le n\u00f4tre!<\/p><\/blockquote>\n<p><img loading=\"lazy\" decoding=\"async\" class=\"alignnone size-medium wp-image-1032\" src=\"https:\/\/lagrandeecoledesaffaires.com\/wp-content\/uploads\/2017\/02\/RothschildCo_Logo1-300x49.png\" alt=\"\" width=\"300\" height=\"49\" srcset=\"https:\/\/lagrandeecoledesaffaires.com\/wp-content\/uploads\/2017\/02\/RothschildCo_Logo1-300x49.png 300w, https:\/\/lagrandeecoledesaffaires.com\/wp-content\/uploads\/2017\/02\/RothschildCo_Logo1-600x99.png 600w, https:\/\/lagrandeecoledesaffaires.com\/wp-content\/uploads\/2017\/02\/RothschildCo_Logo1-768x126.png 768w, https:\/\/lagrandeecoledesaffaires.com\/wp-content\/uploads\/2017\/02\/RothschildCo_Logo1.png 984w\" sizes=\"auto, (max-width: 300px) 100vw, 300px\" \/><br \/>\n<strong>Marcel Malo<\/strong>, Chief Executive Officer<br \/>\nRothschild Financial Corporation<\/p>\n<hr \/>\n<blockquote><p>Nous aimerions vous remercier pour l&rsquo;excellent s\u00e9minaire en n\u00e9gociation que vous nous avez pr\u00e9sent\u00e9.<\/p>\n<p>Il\u00a0a fort bien \u00e9t\u00e9 adapt\u00e9 \u00e0 notre contexte d&rsquo;import\/export. Votre passage chez nous a cr\u00e9\u00e9 un renouveau au sein de notre entreprise. Notre \u00e9quipe aguerrie est anim\u00e9e par un esprit de coop\u00e9ration et d&rsquo;initiative qui donne d&rsquo;excellents r\u00e9sultats. Votre s\u00e9minaire est tr\u00e8s profitable.<\/p><\/blockquote>\n<p><img loading=\"lazy\" decoding=\"async\" class=\"alignnone size-medium wp-image-1033\" src=\"https:\/\/lagrandeecoledesaffaires.com\/wp-content\/uploads\/2017\/02\/FEUILLE1-254x300.gif\" alt=\"\" width=\"254\" height=\"300\" \/><br \/>\n<strong>\u00c9douard Tufenkji<\/strong>, Pr\u00e9sident<br \/>\nCYG INTERNATIONAL<\/p>\n<hr \/>\n<blockquote><p>J&rsquo;aimerais vous remercier pour la formation en N\u00e9gociation strat\u00e9gique que vous avez offerte \u00e0 notre secteur de n\u00e9gociation de march\u00e9 au Minist\u00e8re des Finances, de l&rsquo;\u00e9conomie et de la recherche. Vous avez ouvert une r\u00e9flexion parmi nos employ\u00e9s qui a permis de r\u00e9tablir l&rsquo;\u00e9quilibre de nos pratiques de n\u00e9gociation et d&rsquo;augmenter nos rendements.<\/p><\/blockquote>\n<p><strong>Michel Beaudet,<\/strong> Directeur<br \/>\nMinist\u00e8re des Finances &#8211; Qu\u00e9bec<br \/>\nDIRECTION DES OP\u00c9RATIONS DE TR\u00c9SORERIE<\/p>\n<hr \/>\n<blockquote><p>J&rsquo;ai particuli\u00e8rement appr\u00e9ci\u00e9 le support que vous nous avez prodigu\u00e9 afin de trouver des pistes de solutions \u00e0 diff\u00e9rents probl\u00e8mes v\u00e9cus avec les fournisseurs. Vos conseils nous ont \u00e9t\u00e9 tr\u00e8s pr\u00e9cieux car ils nous ont permis de reconstruire des relations efficaces avec des partenaires essentiels \u00e0 notre positionnement concurrentiel sur le march\u00e9 du sport. Nous sommes donc tr\u00e8s heureux de pouvoir compter, et ce depuis d\u00e9j\u00e0 plusieurs ann\u00e9es, sur votre pr\u00e9cieuse collaboration et nous n&rsquo;h\u00e9sitons pas \u00e0 recommander vos services \u00e0 toute personne int\u00e9ress\u00e9e par le succ\u00e8s!<\/p><\/blockquote>\n<p><img loading=\"lazy\" decoding=\"async\" class=\"alignnone size-full wp-image-1034\" src=\"https:\/\/lagrandeecoledesaffaires.com\/wp-content\/uploads\/2017\/02\/share1.png\" alt=\"\" width=\"200\" height=\"200\" srcset=\"https:\/\/lagrandeecoledesaffaires.com\/wp-content\/uploads\/2017\/02\/share1.png 200w, https:\/\/lagrandeecoledesaffaires.com\/wp-content\/uploads\/2017\/02\/share1-150x150.png 150w\" sizes=\"auto, (max-width: 200px) 100vw, 200px\" \/><br \/>\n<strong>Yves Jacques,<\/strong> Pr\u00e9sident<br \/>\nLA VIE SPORTIVE<\/p>\n<hr \/>\n<blockquote><p>Je tenais \u00e0 vous faire conna\u00eetre mon appr\u00e9ciation ainsi que celle de mon \u00e9quipe pour le s\u00e9minaire en n\u00e9gociation. Vous avez su personnaliser la formation \u00e0 notre entreprise et nous transmettre des principes de n\u00e9gociation directement applicables \u00e0 notre environnement.<\/p><\/blockquote>\n<p><img loading=\"lazy\" decoding=\"async\" class=\"alignnone size-medium wp-image-1035\" src=\"https:\/\/lagrandeecoledesaffaires.com\/wp-content\/uploads\/2017\/02\/1280px-Desjardins.svg1_-300x62.png\" alt=\"\" width=\"300\" height=\"62\" srcset=\"https:\/\/lagrandeecoledesaffaires.com\/wp-content\/uploads\/2017\/02\/1280px-Desjardins.svg1_-300x62.png 300w, https:\/\/lagrandeecoledesaffaires.com\/wp-content\/uploads\/2017\/02\/1280px-Desjardins.svg1_-600x124.png 600w, https:\/\/lagrandeecoledesaffaires.com\/wp-content\/uploads\/2017\/02\/1280px-Desjardins.svg1_-768x159.png 768w, https:\/\/lagrandeecoledesaffaires.com\/wp-content\/uploads\/2017\/02\/1280px-Desjardins.svg1_-1024x212.png 1024w, https:\/\/lagrandeecoledesaffaires.com\/wp-content\/uploads\/2017\/02\/1280px-Desjardins.svg1_.png 1280w\" sizes=\"auto, (max-width: 300px) 100vw, 300px\" \/><br \/>\n<strong>Richard Boursier<\/strong>, Chef de la division des achats<br \/>\nLA CONF\u00c9D\u00c9RATION DES CAISSES POPULAIRES ET D&rsquo;\u00c9CONOMIE DESJARDINS DU QU\u00c9BEC<\/p>\n<hr \/>\n<blockquote><p>C&rsquo;est avec grande ferveur et assiduit\u00e9 que notre groupe d&rsquo;agents immobiliers a suivi votre s\u00e9minaire en n\u00e9gociation adapt\u00e9 \u00e0 notre entreprise. Le contenu a port\u00e9 fruit, que ce soit par les r\u00e9sultats imm\u00e9diats obtenus en terme de volume d&rsquo;affaires, ou de part l&rsquo;attitude des participants.<\/p><\/blockquote>\n<p><img loading=\"lazy\" decoding=\"async\" class=\"alignnone size-medium wp-image-1049\" src=\"https:\/\/lagrandeecoledesaffaires.com\/wp-content\/uploads\/2017\/02\/remax-logo-transparent-png1-300x94.png\" alt=\"\" width=\"300\" height=\"94\" srcset=\"https:\/\/lagrandeecoledesaffaires.com\/wp-content\/uploads\/2017\/02\/remax-logo-transparent-png1-300x94.png 300w, https:\/\/lagrandeecoledesaffaires.com\/wp-content\/uploads\/2017\/02\/remax-logo-transparent-png1.png 400w\" sizes=\"auto, (max-width: 300px) 100vw, 300px\" \/><br \/>\n<strong>Yves Robert,<\/strong> Directeur adjoint,<br \/>\nRE\/MAX d&rsquo;Abord, Sherbrooke<\/p>\n<hr \/>\n<blockquote><p>J&rsquo;aimerais vous faire part de mon appr\u00e9ciation concernant la session de formation en n\u00e9gociation suivie aupr\u00e8s de La Petite Universit\u00e9 maintenant La Grade \u00c9cole des Affaires. Le contenu du cours est soutenu, enrichissant et s&rsquo;adapte \u00e0 tous les besoins \u00e0 travers des situations r\u00e9alistes. De plus, votre fa\u00e7on interactive d&rsquo;enseigner est tr\u00e8s admirable et des plus captivantes. En r\u00e9sum\u00e9, un cours d&rsquo;une tr\u00e8s grande qualit\u00e9 que je recommande \u00e0 quiconque veut am\u00e9liorer ses techniques de n\u00e9gociation et augmenter ses performances.<\/p><\/blockquote>\n<p><img loading=\"lazy\" decoding=\"async\" class=\"alignnone size-full wp-image-1036\" src=\"https:\/\/lagrandeecoledesaffaires.com\/wp-content\/uploads\/2017\/02\/logo1.png\" alt=\"\" width=\"259\" height=\"120\" \/><br \/>\n<strong>Charles Gref jr<\/strong>., VP ex\u00e9cutif<br \/>\nMOTO INTERNATIONALE<\/p>\n<hr \/>\n<blockquote><p>Plusieurs aspects enseign\u00e9s lors de votre formation en N\u00e9gociation me sont tr\u00e8s b\u00e9n\u00e9fiques dans le cadre de mon travail comme Chef de service-cr\u00e9dit. Je recommande ce cours \u00e0 tous mes coll\u00e8gues de travail. Deux fois bravo pour le formateur!\u00a0 M. Par\u00e9 est un formateur qui a plusieurs exp\u00e9riences de travail qu&rsquo;il utilise pour bien faire comprendre les concepts enseign\u00e9s. Les cas v\u00e9cus nous aident \u00e0 mieux saisir la mati\u00e8re enseign\u00e9e. Les mises en situations sont tr\u00e8s utiles afin de nous permettre de mettre en application les concepts de la n\u00e9gociation sous la surveillance d&rsquo;un \u00a0\u00bb PRO \u00ab\u00a0. Je consulte r\u00e9guli\u00e8rement l&rsquo;aide-m\u00e9moire remis \u00e0 tous les participants \u00e0 la fin du cours. Bravo!<\/p><\/blockquote>\n<p><img loading=\"lazy\" decoding=\"async\" class=\"alignnone size-medium wp-image-1037\" src=\"https:\/\/lagrandeecoledesaffaires.com\/wp-content\/uploads\/2017\/02\/camoplast-logo1-300x73.jpg\" alt=\"\" width=\"300\" height=\"73\" srcset=\"https:\/\/lagrandeecoledesaffaires.com\/wp-content\/uploads\/2017\/02\/camoplast-logo1-300x73.jpg 300w, https:\/\/lagrandeecoledesaffaires.com\/wp-content\/uploads\/2017\/02\/camoplast-logo1-600x146.jpg 600w, https:\/\/lagrandeecoledesaffaires.com\/wp-content\/uploads\/2017\/02\/camoplast-logo1-768x187.jpg 768w, https:\/\/lagrandeecoledesaffaires.com\/wp-content\/uploads\/2017\/02\/camoplast-logo1.jpg 1000w\" sizes=\"auto, (max-width: 300px) 100vw, 300px\" \/><br \/>\n<strong>Marc Rioux<\/strong>, Chef de service-cr\u00e9dit<br \/>\nCAMOPLAST<\/p>\n<hr \/>\n<blockquote><p>Le cours en N\u00e9gociation Strat\u00e9gique que j&rsquo;ai suivi en novembre 2008 m&rsquo;a permis de mieux focuser sur mon vis-\u00e0-vis, de faire de la transposition en me pla\u00e7ant\u00a0\u00e0 sa place, en m&rsquo;oubliant quoi qu&rsquo;il dise. Cela me permet de mieux comprendre ses r\u00e9els pr\u00e9occupations, ses\u00a0besoins et ainsi mieux me positionner pour lui offrir une solution qui\u00a0r\u00e9pond \u00e0 ses pr\u00e9ocupations. On sait pertinemment que les vraies choses ne sortent pas n\u00e9cessairement rapidement quand on n&rsquo;utilise pas ces m\u00e9thodes que nous avons d\u00e9velopp\u00e9 dans ton\u00a0s\u00e9minaire en n\u00e9gociation. J&rsquo;ai chang\u00e9 mes mani\u00e8res de faire et cela me r\u00e9ussit! Tout un investissement. Merci M. Par\u00e9.\u00a0Et r\u00e9p\u00e8te le haut: ton s\u00e9minaire est un must!<\/p><\/blockquote>\n<p><img loading=\"lazy\" decoding=\"async\" class=\"alignnone size-medium wp-image-1038\" src=\"https:\/\/lagrandeecoledesaffaires.com\/wp-content\/uploads\/2017\/02\/pTremcoBuildLifeWhtLogo1-300x87.jpg\" alt=\"\" width=\"300\" height=\"87\" srcset=\"https:\/\/lagrandeecoledesaffaires.com\/wp-content\/uploads\/2017\/02\/pTremcoBuildLifeWhtLogo1-300x87.jpg 300w, https:\/\/lagrandeecoledesaffaires.com\/wp-content\/uploads\/2017\/02\/pTremcoBuildLifeWhtLogo1-600x175.jpg 600w, https:\/\/lagrandeecoledesaffaires.com\/wp-content\/uploads\/2017\/02\/pTremcoBuildLifeWhtLogo1-768x224.jpg 768w, https:\/\/lagrandeecoledesaffaires.com\/wp-content\/uploads\/2017\/02\/pTremcoBuildLifeWhtLogo1.jpg 999w\" sizes=\"auto, (max-width: 300px) 100vw, 300px\" \/><br \/>\n<strong>Jacques Fortin<\/strong>, Conseiller senior<br \/>\nTREMCO<\/p>\n<hr \/>\n<blockquote><p>Notre \u00e9quipe de vente, des agronomes, v\u00e9t\u00e9rinaires, ainsi que notre r\u00e9seau de franchis\u00e9s ont compl\u00e9t\u00e9 ce s\u00e9minaire avec un enthousiasme d\u00e9bordant.\u00a0\u00a0Tous les objectifs ont \u00e9t\u00e9 atteints : adaptation d&rsquo;un programme qui colle \u00e0 notre r\u00e9alit\u00e9, donne des outils concrets afin de d\u00e9velopper de meilleures affaires par un partenariat durable avec la client\u00e8le.<\/p>\n<p>Votre \u00e9coute, votre souci de comprendre, de vous modeler \u00e0 notre contexte et nos besoins sp\u00e9cifiques sont tous des \u00e9l\u00e9ments qui ont permis le succ\u00e8s de ce programme.\u00a0C&rsquo;est pourquoi nous avons d\u00e9cid\u00e9 d&rsquo;\u00e9tendre ce processus aux autres secteurs de production.<\/p><\/blockquote>\n<p><img loading=\"lazy\" decoding=\"async\" class=\"alignnone size-medium wp-image-1039\" src=\"https:\/\/lagrandeecoledesaffaires.com\/wp-content\/uploads\/2017\/02\/Shur-GainNutreco_logo1-300x245.jpg\" alt=\"\" width=\"300\" height=\"245\" srcset=\"https:\/\/lagrandeecoledesaffaires.com\/wp-content\/uploads\/2017\/02\/Shur-GainNutreco_logo1-300x245.jpg 300w, https:\/\/lagrandeecoledesaffaires.com\/wp-content\/uploads\/2017\/02\/Shur-GainNutreco_logo1-600x489.jpg 600w, https:\/\/lagrandeecoledesaffaires.com\/wp-content\/uploads\/2017\/02\/Shur-GainNutreco_logo1.jpg 656w\" sizes=\"auto, (max-width: 300px) 100vw, 300px\" \/><br \/>\n<strong>Jean-Pierre Picard<\/strong>,\u00a0Directeur Marketing &#8211; Est du Canada,<br \/>\nSHUR-GAIN CANADA, Div. NUTRECO<\/p>\n<hr \/>\n<blockquote><p>Apr\u00e8s 3 ans (incluant la p\u00e9riode des pr\u00e9-ventes), nous n&rsquo;avions vendu que 40 condominius sur 200 dans le prestigieux complexe de condominiums LES JARDINS DE L&rsquo;ARCHIPEL, \u00ceLE DES S\u0152URS. Mon banquier\u00a0 m&rsquo;a pr\u00e9sent\u00e9 Raymond G. Par\u00e9 comme \u00e9tant l&rsquo;homme de la situation. Croyez le ou non, apr\u00e8s un an il avait vendu tous les condos. Je me suis retrouv\u00e9 dans la position d&rsquo;honorer mon entente et lui donner le penthouse! Incroyable: 40,000,000$ de ventes en 13 mois. Vraiment un Irr\u00e9sistible de la vente. Chaque fois que je rencontre Raymond G. je lui dit MERCI Et lorsque je le croisse au resto, je ne manque pas l&rsquo;occasion\u00a0de lui envoyer une bouteille de champagne.<\/p><\/blockquote>\n<p><img loading=\"lazy\" decoding=\"async\" class=\"alignnone size-medium wp-image-1040\" src=\"https:\/\/lagrandeecoledesaffaires.com\/wp-content\/uploads\/2017\/02\/Logo-Mont-Tremblant1-300x142.jpg\" alt=\"\" width=\"300\" height=\"142\" srcset=\"https:\/\/lagrandeecoledesaffaires.com\/wp-content\/uploads\/2017\/02\/Logo-Mont-Tremblant1-300x142.jpg 300w, https:\/\/lagrandeecoledesaffaires.com\/wp-content\/uploads\/2017\/02\/Logo-Mont-Tremblant1-600x285.jpg 600w, https:\/\/lagrandeecoledesaffaires.com\/wp-content\/uploads\/2017\/02\/Logo-Mont-Tremblant1-768x365.jpg 768w, https:\/\/lagrandeecoledesaffaires.com\/wp-content\/uploads\/2017\/02\/Logo-Mont-Tremblant1.jpg 769w\" sizes=\"auto, (max-width: 300px) 100vw, 300px\" \/><br \/>\n<strong>Louis Pierre Lapointe<\/strong>, President &#8211; Les Jardins de L&rsquo;archipel<br \/>\nAncien propri\u00e9taire de la station Mont Tremblant que j&rsquo;ai vendu \u00e0 INTRAWEST.<\/p>\n<hr \/>\n<blockquote><p>J&rsquo;ai particuli\u00e8rement appr\u00e9ci\u00e9 le support que vous m&rsquo;avez prodigu\u00e9 lorsque, \u00e0 certaines occasions, j&rsquo;ai eu recours \u00e0 vous pour trouver des pistes de solutions \u00e0 diff\u00e9rents probl\u00e8mes v\u00e9cus avec des fournisseurs. Vos conseils nous ont \u00e9t\u00e9 tr\u00e8s pr\u00e9cieux. Ils nous ont permis de reconstruire des relations efficaces avec des partenaires essentiels \u00e0 notre positionnement concurrentiel sur le march\u00e9 du sport. Nous sommes donc tr\u00e8s heureux de pouvoir compter votre pr\u00e9cieuse collaboration, et ce depuis d\u00e9j\u00e0 plusieurs ann\u00e9es. Nous n&rsquo;h\u00e9sitons pas \u00e0 recommander vos services quand l&rsquo;opportunit\u00e9 nous en est fournie. De surcro\u00eet, votre aisance \u00e0 passer les messages dans notre \u00e9quipe de repr\u00e9sentants a fait toute une diff\u00e9rence dans le roulement de nos inventaires.<\/p><\/blockquote>\n<p><img loading=\"lazy\" decoding=\"async\" class=\"alignnone size-full wp-image-1034\" src=\"https:\/\/lagrandeecoledesaffaires.com\/wp-content\/uploads\/2017\/02\/share1.png\" alt=\"\" width=\"200\" height=\"200\" srcset=\"https:\/\/lagrandeecoledesaffaires.com\/wp-content\/uploads\/2017\/02\/share1.png 200w, https:\/\/lagrandeecoledesaffaires.com\/wp-content\/uploads\/2017\/02\/share1-150x150.png 150w\" sizes=\"auto, (max-width: 200px) 100vw, 200px\" \/><br \/>\n<strong>Yves Jacques<\/strong><br \/>\nPr\u00e9sident<br \/>\nLA VIE SPORTIVE<\/p>\n<hr \/>\n<blockquote><p>Pour tous ceux qui veulent approfondir ou am\u00e9liorer leur vision de la vente, il est imp\u00e9ratif de se pr\u00e9senter au cours sur la vente auquel j&rsquo;ai assist\u00e9 aupr\u00e8s de LPU.\u00a0\u00a0En fait, je recommande cette formation \u00e0 tous ceux qui ont le go\u00fbt de la vente et d&rsquo;\u00eatre attentif \u00e0 une personne &lsquo;exp\u00e9rience. Merci M. Par\u00e9.<\/p><\/blockquote>\n<p><img loading=\"lazy\" decoding=\"async\" class=\"alignnone size-medium wp-image-1041\" src=\"https:\/\/lagrandeecoledesaffaires.com\/wp-content\/uploads\/2017\/02\/Transcontinentallogo1-300x81.png\" alt=\"\" width=\"300\" height=\"81\" srcset=\"https:\/\/lagrandeecoledesaffaires.com\/wp-content\/uploads\/2017\/02\/Transcontinentallogo1-300x81.png 300w, https:\/\/lagrandeecoledesaffaires.com\/wp-content\/uploads\/2017\/02\/Transcontinentallogo1-600x163.png 600w, https:\/\/lagrandeecoledesaffaires.com\/wp-content\/uploads\/2017\/02\/Transcontinentallogo1-768x208.png 768w, https:\/\/lagrandeecoledesaffaires.com\/wp-content\/uploads\/2017\/02\/Transcontinentallogo1.png 1000w\" sizes=\"auto, (max-width: 300px) 100vw, 300px\" \/><br \/>\n<strong>Robert Picard,<\/strong><br \/>\nRepr\u00e9sentant Senior<br \/>\nIMPRIMERIES TRANSCONTINENTAL<\/p>\n<hr \/>\n<blockquote><p>Le premier emploi de M. Par\u00e9 \u00e0 la fin de ses \u00e9tudes en marketing fut chez nous: SEARS CANADA. Nous lui avons confi\u00e9 le d\u00e9partement de ventes par catalogue \u00e0 notre magasin Place Fleur de Lys\u00a0de Qu\u00e9bec. En moins de 2 ans et demi, M. Par\u00e9 a fait grimper le chiffre d&rsquo;affaires de 1,700,000.$ \u00e0 8,000,000.$! \u00a0De plus, il a implant\u00e9 le syst\u00e8me de prise de commandes nformatis\u00e9es 24 h\u00a0\/7 jours\/semaine, lequel fut un succ\u00e8s. Nous avons par la suite mis ce syst\u00e8me en place partout en Am\u00e9rique du nord. M. Par\u00e9 \u00e9coute les besoins. Il\u00a0est un leader hors pair. Il livre la marchandise. Il ne s&rsquo;accroche pas inutilement dans les d\u00e9tails. C&rsquo;est un gladiateur de la vente, un mobilisateur rare qui parle en connaissance de cause. Merci M. Par\u00e9!<\/p><\/blockquote>\n<p><img loading=\"lazy\" decoding=\"async\" class=\"alignnone size-medium wp-image-1019\" src=\"https:\/\/lagrandeecoledesaffaires.com\/wp-content\/uploads\/2017\/02\/sears-logo1-300x116.jpg\" alt=\"\" width=\"300\" height=\"116\" srcset=\"https:\/\/lagrandeecoledesaffaires.com\/wp-content\/uploads\/2017\/02\/sears-logo1-300x116.jpg 300w, https:\/\/lagrandeecoledesaffaires.com\/wp-content\/uploads\/2017\/02\/sears-logo1-600x233.jpg 600w, https:\/\/lagrandeecoledesaffaires.com\/wp-content\/uploads\/2017\/02\/sears-logo1-768x298.jpg 768w, https:\/\/lagrandeecoledesaffaires.com\/wp-content\/uploads\/2017\/02\/sears-logo1-1024x397.jpg 1024w\" sizes=\"auto, (max-width: 300px) 100vw, 300px\" \/><br \/>\n<strong>Norm Taylor<\/strong>, Contr\u00f4leur<br \/>\nSEARS CANADA<\/p>\n<hr \/>\n<blockquote><p>M. Par\u00e9, de tous les profs que j&rsquo;ai eu, tu es celui qui m&rsquo;a le plus marqu\u00e9 et aid\u00e9. Mon entreprise est devenue un leader en Am\u00e9rique du nord. L&rsquo;attitude, la comp\u00e9tence, la capacit\u00e9 de respecter les \u00e9ch\u00e9ances et notre comp\u00e9titivit\u00e9 de la part de toute l&rsquo;\u00e9quipe nous a permis de devenir l&rsquo;un des leaders dans les murs rideaux dans les \u00e9difices en hauteur en Am\u00e9rique du nord. Ton enseignement mis en pratique par notre \u00e9quipe a fait notre diff\u00e9rence.<\/p><\/blockquote>\n<p><img loading=\"lazy\" decoding=\"async\" class=\"alignnone size-full wp-image-1043\" src=\"https:\/\/lagrandeecoledesaffaires.com\/wp-content\/uploads\/2017\/02\/verval.png\" alt=\"\" width=\"110\" height=\"89\" \/><br \/>\n<strong>Charles Turpin<\/strong>, Pr\u00e9sident<br \/>\nVERVAL<\/p>\n<hr \/>\n<blockquote><p>Nous avions d\u00e9but\u00e9 un projet de maisons en rang\u00e9e de 80 unit\u00e9s. Apr\u00e8s 7 constructions, les ventes ne levaient pas car les taux d&rsquo;int\u00e9r\u00eats \u00e9taient tr\u00e8s \u00e9lev\u00e9s. M. Par\u00e9 m&rsquo;a contact\u00e9 pour me lib\u00e9rer de ce fardeau. Incroyable: apr\u00e8s 2 semaines, il les avait\u00a0toutes vendues.\u00a0\u00a0Quatre mois plus tard,\u00a0les 80 autres \u00e9tait vendues \u00e9galement. M. Par\u00e9 me demandait alors d&rsquo;en faire d&rsquo;autres, mais je n&rsquo;avais plus de terrains. Par la suite je suis devenu courtier\u00a0immobilier.\u00a0\u00a0J&rsquo;ai eu une carri\u00e8re \u00e0 succes. Raymond G., tu es d\u00e9finitivement un Irresistible et un incontournable de la vente et de la n\u00e9gociation. Garde toujours cette belle attitude et ton dynamisme. Merci Raymond G.!<\/p><\/blockquote>\n<p><img loading=\"lazy\" decoding=\"async\" class=\"alignnone size-medium wp-image-1049\" src=\"https:\/\/lagrandeecoledesaffaires.com\/wp-content\/uploads\/2017\/02\/remax-logo-transparent-png1-300x94.png\" alt=\"\" width=\"300\" height=\"94\" srcset=\"https:\/\/lagrandeecoledesaffaires.com\/wp-content\/uploads\/2017\/02\/remax-logo-transparent-png1-300x94.png 300w, https:\/\/lagrandeecoledesaffaires.com\/wp-content\/uploads\/2017\/02\/remax-logo-transparent-png1.png 400w\" sizes=\"auto, (max-width: 300px) 100vw, 300px\" \/><br \/>\n<strong>Yvan Drouin<\/strong><br \/>\nCourtier RE MAX<\/p>\n","protected":false},"excerpt":{"rendered":"<p>Vous nous avez \u00e9crit&#8230; LE DROIT L\u2019h\u00f4pital de Hawkesbury est actuellement la deuxi\u00e8me meilleure H\u00f4pital\u00a0 au Canada pour les bons soins de sant\u00e9. (Maclean&rsquo;s, Source Le Droit 27 ao\u00fbt 2019). La Grande \u00c9cole des Affaires a form\u00e9 l\u2019ensemble du personnel de l&rsquo;h\u00f4pital de Hawkesbury,\u00a0 incluant m\u00e9decins et haute direction en Attitude patient\/coll\u00e8gues et les gestionnaires&hellip;&nbsp;<\/p>\n","protected":false},"author":1,"featured_media":0,"parent":0,"menu_order":0,"comment_status":"closed","ping_status":"closed","template":"","meta":{"neve_meta_sidebar":"","neve_meta_container":"","neve_meta_enable_content_width":"off","neve_meta_content_width":100,"neve_meta_title_alignment":"","neve_meta_author_avatar":"","neve_post_elements_order":"","neve_meta_disable_header":"","neve_meta_disable_footer":"","neve_meta_disable_title":"","footnotes":""},"class_list":["post-965","page","type-page","status-publish","hentry"],"_links":{"self":[{"href":"https:\/\/lagrandeecoledesaffaires.com\/index.php\/wp-json\/wp\/v2\/pages\/965","targetHints":{"allow":["GET"]}}],"collection":[{"href":"https:\/\/lagrandeecoledesaffaires.com\/index.php\/wp-json\/wp\/v2\/pages"}],"about":[{"href":"https:\/\/lagrandeecoledesaffaires.com\/index.php\/wp-json\/wp\/v2\/types\/page"}],"author":[{"embeddable":true,"href":"https:\/\/lagrandeecoledesaffaires.com\/index.php\/wp-json\/wp\/v2\/users\/1"}],"replies":[{"embeddable":true,"href":"https:\/\/lagrandeecoledesaffaires.com\/index.php\/wp-json\/wp\/v2\/comments?post=965"}],"version-history":[{"count":8,"href":"https:\/\/lagrandeecoledesaffaires.com\/index.php\/wp-json\/wp\/v2\/pages\/965\/revisions"}],"predecessor-version":[{"id":10445,"href":"https:\/\/lagrandeecoledesaffaires.com\/index.php\/wp-json\/wp\/v2\/pages\/965\/revisions\/10445"}],"wp:attachment":[{"href":"https:\/\/lagrandeecoledesaffaires.com\/index.php\/wp-json\/wp\/v2\/media?parent=965"}],"curies":[{"name":"wp","href":"https:\/\/api.w.org\/{rel}","templated":true}]}}