{"id":612,"date":"2017-01-27T21:20:20","date_gmt":"2017-01-27T20:20:20","guid":{"rendered":"http:\/\/207.253.81.77\/?page_id=612"},"modified":"2026-08-26T14:01:51","modified_gmt":"2026-08-26T18:01:51","slug":"formation-courage-managerial","status":"publish","type":"page","link":"https:\/\/lagrandeecoledesaffaires.com\/index.php\/formation-courage-managerial\/","title":{"rendered":"Formation &#8211; Gestion d&rsquo;influence"},"content":{"rendered":"<div id=\"pl-612\"  class=\"panel-layout\" ><div id=\"pg-612-0\"  class=\"panel-grid panel-no-style\" ><div id=\"pgc-612-0-0\"  class=\"panel-grid-cell\" ><div id=\"panel-612-0-0-0\" class=\"so-panel widget widget_sow-editor panel-first-child\" data-index=\"0\" ><div\n\t\t\t\n\t\t\tclass=\"so-widget-sow-editor so-widget-sow-editor-base\"\n\t\t\t\n\t\t>\n<div class=\"siteorigin-widget-tinymce textwidget\">\n\t<h1>GESTION D\u2019INFLUENCE<\/h1>\n<h1><img loading=\"lazy\" decoding=\"async\" class=\"wp-image-10900 alignnone\" src=\"https:\/\/lagrandeecoledesaffaires.com\/wp-content\/uploads\/2026\/04\/business-meeting-scene_906385-29703-300x200.avif\" alt=\"\" width=\"410\" height=\"273\" srcset=\"https:\/\/lagrandeecoledesaffaires.com\/wp-content\/uploads\/2026\/04\/business-meeting-scene_906385-29703-300x200.avif 300w, https:\/\/lagrandeecoledesaffaires.com\/wp-content\/uploads\/2026\/04\/business-meeting-scene_906385-29703-272x182.avif 272w, https:\/\/lagrandeecoledesaffaires.com\/wp-content\/uploads\/2026\/04\/business-meeting-scene_906385-29703.avif 626w\" sizes=\"auto, (max-width: 410px) 100vw, 410px\" \/><\/h1>\n<h2>D\u00e9veloppez votre capacit\u00e9 \u00e0 mobiliser, convaincre et faire avancer les personnes, les projets et les d\u00e9cisions sans avoir uniquement\u00a0 l'autorit\u00e9 ou le pouvoir hi\u00e9rarchique. C'est savoir cr\u00e9er suffisamment de confiance, de cr\u00e9dibilit\u00e9 et d'adh\u00e9sion pour amener les autres \u00e0 \u00e9couter, comprendre, collaborer et agir.<\/h2>\n<p class=\"isSelectedEnd\">Dans un environnement professionnel en constante acc\u00e9l\u00e9ration et incertitude, <strong>la capacit\u00e9 d\u2019influencer positivement est devenue une comp\u00e9tence essentielle<\/strong> pour mobiliser les \u00e9quipes, faciliter les d\u00e9cisions et g\u00e9n\u00e9rer des r\u00e9sultats durables.<\/p>\n<p class=\"isSelectedEnd\">Cette formation intensive de <strong>La Grande \u00c9cole des Affaires<\/strong> est con\u00e7ue pour aider les gestionnaires, responsables et dirigeants \u00e0 d\u00e9velopper une influence \u00e0 la fois <strong>strat\u00e9gique, humaine et efficace<\/strong>. Elle permet de conjuguer <strong>savoir-\u00eatre et savoir-faire<\/strong> afin de mieux communiquer, g\u00e9rer les situations d\u00e9licates, exercer son autorit\u00e9 avec justesse et obtenir l\u2019adh\u00e9sion sans confrontation inutile.<\/p>\n<p class=\"isSelectedEnd\">En d\u00e9veloppant votre <strong>\u00e9coute active, votre assertivit\u00e9, votre diplomatie et votre capacit\u00e9 \u00e0 poser les bonnes questions<\/strong>, vous apprendrez \u00e0 mieux comprendre vos interlocuteurs, \u00e0 adapter votre approche et \u00e0 cr\u00e9er les conditions favorables \u00e0 la collaboration.<\/p>\n<p class=\"isSelectedEnd\">Cette journ\u00e9e pratique vous donnera des outils concrets pour <strong>influencer sans imposer, dire non avec assurance, g\u00e9rer les d\u00e9saccords, responsabiliser les \u00e9quipes et mobiliser autour d\u2019objectifs communs<\/strong>. Ax\u00e9e sur la vision, la strat\u00e9gie et l'esprit d'\u00e9quipe.<\/p>\n<p class=\"isSelectedEnd\">Vous d\u00e9couvrirez notamment comment utiliser <strong>les quatre leviers de l\u2019influence<\/strong> pour renforcer la confiance, am\u00e9liorer les relations, favoriser la responsabilisation et faire progresser les r\u00e9sultats.<\/p>\n<p>&nbsp;<\/p>\n<h3><img loading=\"lazy\" decoding=\"async\" class=\"wp-image-10947 alignright\" src=\"https:\/\/lagrandeecoledesaffaires.com\/wp-content\/uploads\/2026\/08\/Equipe-professionnel.jpg\" alt=\"\" width=\"414\" height=\"276\" srcset=\"https:\/\/lagrandeecoledesaffaires.com\/wp-content\/uploads\/2026\/08\/Equipe-professionnel.jpg 276w, https:\/\/lagrandeecoledesaffaires.com\/wp-content\/uploads\/2026\/08\/Equipe-professionnel-272x182.jpg 272w\" sizes=\"auto, (max-width: 414px) 100vw, 414px\" \/><\/h3>\n<h2>\u00c0 la fin de cette formation, vous serez capable de :<\/h2>\n<ul data-spread=\"false\">\n<li><strong>Influencer sans imposer<\/strong> et obtenir davantage d\u2019adh\u00e9sion.<\/li>\n<li><strong>Communiquer avec assurance<\/strong> dans les situations d\u00e9licates.<\/li>\n<li><strong>Dire non avec diplomatie<\/strong>, sans d\u00e9t\u00e9riorer la relation.<\/li>\n<li><strong>Poser les bonnes questions<\/strong> pour faire r\u00e9fl\u00e9chir et faire avancer une situation.<\/li>\n<li><strong>\u00c9couter activement<\/strong> afin de mieux comprendre les besoins, les motivations et les r\u00e9sistances.<\/li>\n<li><strong>G\u00e9rer les d\u00e9saccords et les tensions<\/strong> avec plus de calme et de justesse.<\/li>\n<li><strong>Responsabiliser vos collaborateurs<\/strong> sans tout prendre en charge \u00e0 leur place.<\/li>\n<li><strong>Adapter votre fa\u00e7on d\u2019intervenir<\/strong> selon les personnes et les situations.<\/li>\n<li><strong>Utiliser le silence et les pauses<\/strong> comme outils d\u2019influence et de communication.<\/li>\n<li><strong>Cr\u00e9er davantage de confiance et de collaboration<\/strong> au sein de vos \u00e9quipes.<\/li>\n<li><strong>Mobiliser autour d\u2019objectifs communs<\/strong> et favoriser une culture du \u00ab JE \u00bb et du \u00ab NOUS+ \u00bb.<\/li>\n<li><strong>Faire avancer les d\u00e9cisions et les projets<\/strong> avec plus d\u2019impact et d\u2019efficacit\u00e9.<\/li>\n<\/ul>\n<p data-path-to-node=\"4\">\n<\/div>\n<\/div><\/div><div id=\"panel-612-0-0-1\" class=\"so-panel widget widget_sow-editor\" data-index=\"1\" ><div class=\"so-rounded panel-widget-style panel-widget-style-for-612-0-0-1\" ><div\n\t\t\t\n\t\t\tclass=\"so-widget-sow-editor so-widget-sow-editor-base\"\n\t\t\t\n\t\t>\n<div class=\"siteorigin-widget-tinymce textwidget\">\n\t<h3>Avantages Cl\u00e9s de la Formation<\/h3>\n<ul data-path-to-node=\"7\">\n<li>\n<p data-path-to-node=\"7,0,0\"><b>Renforcement du Leadership Personnel :<\/b> Affirmez votre position et utilisez les 4 leviers d'influence pour booster votre leadership avec assurance et diplomatie.<\/p>\n<\/li>\n<li>\n<p data-path-to-node=\"7,1,0\"><b>Prise de D\u00e9cision Strat\u00e9gique :<\/b> D\u00e9veloppez votre capacit\u00e9 \u00e0 prendre des d\u00e9cisions audacieuses et \u00e0 les assumer pleinement, m\u00eame en p\u00e9riode d'incertitude, transformant ainsi les connaissances en actions concr\u00e8tes.<\/p>\n<\/li>\n<li>\n<p data-path-to-node=\"7,2,0\"><b>Am\u00e9lioration de la Coh\u00e9sion d'\u00c9quipe :<\/b> Cultivez l'esprit d\u2019\u00e9quipe et r\u00e9solvez efficacement les probl\u00e9matiques interpersonnelles, renfor\u00e7ant l\u2019efficacit\u00e9 collective et la coh\u00e9sion, particuli\u00e8rement en p\u00e9riode de crise.<\/p>\n<\/li>\n<li>\n<p data-path-to-node=\"7,3,0\"><b>Meilleure Gestion de la Pression :<\/b> Apprenez \u00e0 g\u00e9rer le stress et \u00e0 d\u00e9velopper une tol\u00e9rance accrue \u00e0 la pression pour maintenir votre \u00e9quilibre et celui de vos \u00e9quipes.<\/p>\n<\/li>\n<li>\n<p data-path-to-node=\"7,4,0\"><b>Culture d'Entreprise Innovante :<\/b> Contribuez \u00e0 l\u2019\u00e9tablissement d\u2019une culture d\u2019entreprise forte, innovante et plus humaine, qui devient un moteur d\u2019agilit\u00e9, de performance et de croissance durable.<\/p>\n<\/li>\n<li>\n<p data-path-to-node=\"7,5,0\"><b>Flexibilit\u00e9 des Modalit\u00e9s :<\/b> Profitez d\u2019une formation disponible en <b>webinaire interactif<\/b> (matin et apr\u00e8s-midi) ou en <b>pr\u00e9sentiel<\/b> au sein de votre organisation, et ce, m\u00eame les fins de semaine.<\/p>\n<\/li>\n<\/ul>\n<\/div>\n<\/div><\/div><\/div><div id=\"panel-612-0-0-2\" class=\"so-panel widget widget_sow-editor panel-last-child\" data-index=\"2\" ><div\n\t\t\t\n\t\t\tclass=\"so-widget-sow-editor so-widget-sow-editor-base\"\n\t\t\t\n\t\t>\n<div class=\"siteorigin-widget-tinymce textwidget\">\n\t<h3>Un Cadre de Formation Reconnue<\/h3>\n<p data-path-to-node=\"10\">La Grande \u00c9cole des Affaires est votre partenaire de confiance depuis <b>32 ans<\/b> dans le d\u00e9veloppement des comp\u00e9tences manag\u00e9riales. Notre expertise garantit une formation immersive et concr\u00e8te, reconnue par <b>Emploi Qu\u00e9bec<\/b> et les <b>Ordres professionnels<\/b> pour l'obtention d'unit\u00e9s de formation continue (UFC). En choisissant notre programme, vous investissez dans un savoir-faire certifi\u00e9 qui aura un impact direct et mesurable sur l'agilit\u00e9, la productivit\u00e9 et la r\u00e9tention des talents au sein de votre organisation.<\/p>\n<p data-path-to-node=\"11\"><b>Investissez dans le courage manag\u00e9rial<\/b> pour transformer votre organisation et relever vos d\u00e9fis avec audace et r\u00e9ussite.<\/p>\n<\/div>\n<\/div><\/div><\/div><div id=\"pgc-612-0-1\"  class=\"panel-grid-cell\" ><div id=\"panel-612-0-1-0\" class=\"so-panel widget widget_sow-editor panel-first-child\" data-index=\"3\" ><div\n\t\t\t\n\t\t\tclass=\"so-widget-sow-editor so-widget-sow-editor-base\"\n\t\t\t\n\t\t>\n<div class=\"siteorigin-widget-tinymce textwidget\">\n\t<p><img loading=\"lazy\" decoding=\"async\" class=\"alignnone size-full wp-image-10949\" src=\"https:\/\/lagrandeecoledesaffaires.com\/wp-content\/uploads\/2026\/08\/Leaders-4-300x200-1.jpg\" alt=\"\" width=\"300\" height=\"200\" srcset=\"https:\/\/lagrandeecoledesaffaires.com\/wp-content\/uploads\/2026\/08\/Leaders-4-300x200-1.jpg 300w, https:\/\/lagrandeecoledesaffaires.com\/wp-content\/uploads\/2026\/08\/Leaders-4-300x200-1-272x182.jpg 272w\" sizes=\"auto, (max-width: 300px) 100vw, 300px\" \/><\/p>\n<\/div>\n<\/div><\/div><div id=\"panel-612-0-1-1\" class=\"so-panel widget widget_sow-editor\" data-index=\"4\" ><div\n\t\t\t\n\t\t\tclass=\"so-widget-sow-editor so-widget-sow-editor-base\"\n\t\t\t\n\t\t>\n<div class=\"siteorigin-widget-tinymce textwidget\">\n\t<div id='event_wrapper'><div id='event_search_code' style='display:none;' data='category_identifier=courage-managerial-1486057065&css_class=&event_category_id=&staff_id=&allow_override=0&show_expired=false&show_secondary=false&show_deleted=false&show_recurrence=true&limit=0&order_by=NULL&sort=&events_per_page=50&num_page_links_to_display=10&exclude_closed_events=false'><\/div><div id='event_container_pagination' ><div id='event_content' class='event_content'><div id=\"event_data-609\" class=\"event_data  courage-managerial-1486057065 event-data-display event-list-display event-display-boxes ui-widget\">\n\t<h3 id=\"event_title-609\" class=\"event_title ui-widget-header ui-corner-top\"><a title=\"\u00c0 DISTANCE - Formation Gestion de l'influence & d'impact\" class=\"a_event_title\" id=\"a_event_title-609\" href=\"https:\/\/lagrandeecoledesaffaires.com\/index.php\/calendrier\/?ee=609\">\u00c0 DISTANCE - Formation Gestion de l'influence & d'impact<\/a>\n\t\t\t\t\t\t\t\t\t\t\t\t\t\t\t\t\t\t\t<\/h3>\n<div class=\"event-data-display ui-widget-content ui-corner-bottom\">\n\t\t\t\t\t\t\t\t\t\t\t<div class=\"event-desc\">\n\t\t\n\t\t\t<p>1 jour de 9 h \u00e0 11 h 30 & de 13 h \u00e0 15 h 30<\/p>\n\t\t<\/div>\n\t\t\t<div class=\"event-meta clearfix\">\n\t\t<p id=\"p_event_price-609\" class=\"event_price\"><span class=\"section-title\">Prix : <\/span> C$399.00<\/p>\t\t<p id=\"event_date-609\"><span class=\"section-title\">Date : <\/span>  21 septembre 2026 \n\t\t\t<a  href=\"https:\/\/lagrandeecoledesaffaires.com?iCal=true&amp;current_year=2026&amp;current_month=09&amp;current_day=04&amp;current_time=002544&amp;event_id=609&amp;ee_reg_id=a9c587015dc7a7676b8cde6177b3ebfe-6a9a4840463e76.91846968&amp;contact_email=francelatreille1@gmail.com&amp;start_year=2026&amp;start_month=09&amp;start_day=21&amp;start_time=153700&amp;end_year=2026&amp;end_month=09&amp;end_day=21&amp;end_time=153700&amp;event_summary=\u00c0 DISTANCE - Formation Gestion de l'influence &amp; d'impact&amp;ee_reg_url=https:\/\/lagrandeecoledesaffaires.com\/index.php\/calendrier\/?ee=609&amp;site_url=https:\/\/lagrandeecoledesaffaires.com&amp;organization=La Grande \u00c9cole des affaires&amp;location=1030 Chemin de L\\'H\u00e9ritage N\/A, Oui J0R 1T0 Canada\" id=\"espresso_ical_609\" class=\"espresso_ical_link\" title=\"Import au format iCal\"><img decoding=\"async\" src=\"https:\/\/lagrandeecoledesaffaires.com\/wp-content\/plugins\/event-espresso\/images\/icons\/calendar_link.png\"><\/a>\t\t<\/p>\n\t<\/div>\n\n\t <p id=\"available_spaces-609\" class=\"spaces-available\"><span class=\"section-title\">Places disponibles pour cet \u00e9v\u00e9nement :<\/span> 17<\/p>\n\t\t\t\t\t\t\t<p id=\"register_link-609\" class=\"register-link-footer\">\n\t\t\t\t\t<a class=\"a_register_link ui-button ui-button-big ui-priority-primary ui-state-default ui-state-hover ui-state-focus ui-corner-all\" id=\"a_register_link-609\" href=\"https:\/\/lagrandeecoledesaffaires.com\/index.php\/calendrier\/?ee=609\" title=\"\u00c0 DISTANCE - Formation Gestion de l'influence & d'impact\">R\u00e9server en ligne<\/a>\n\t\t\t\t\t\t\t\t\t<\/p>\n\t\t\n<\/div><!-- \/ .event-data-display -->\n<\/div><!-- \/ .event-display-boxes -->\n<div id=\"event_data-614\" class=\"event_data  courage-managerial-1486057065 event-data-display event-list-display event-display-boxes ui-widget\">\n\t<h3 id=\"event_title-614\" class=\"event_title ui-widget-header ui-corner-top\"><a title=\"\u00c0 DISTANCE - Formation Gestion de l'influence & d'impact\" class=\"a_event_title\" id=\"a_event_title-614\" href=\"https:\/\/lagrandeecoledesaffaires.com\/index.php\/calendrier\/?ee=614\">\u00c0 DISTANCE - Formation Gestion de l'influence & d'impact<\/a>\n\t\t\t\t\t\t\t\t\t\t\t\t\t\t\t\t\t\t\t<\/h3>\n<div class=\"event-data-display ui-widget-content ui-corner-bottom\">\n\t\t\t\t\t\t\t\t\t\t\t<div class=\"event-desc\">\n\t\t\n\t\t\t<p>1 jour de 9 h \u00e0 11 h 30 et de 13 h \u00e0 15 h 30<\/p>\n\t\t<\/div>\n\t\t\t<div class=\"event-meta clearfix\">\n\t\t<p id=\"p_event_price-614\" class=\"event_price\"><span class=\"section-title\">Prix : <\/span> C$399.00<\/p>\t\t<p id=\"event_date-614\"><span class=\"section-title\">Date : <\/span>  26 novembre 2026 \n\t\t\t<a  href=\"https:\/\/lagrandeecoledesaffaires.com?iCal=true&amp;current_year=2026&amp;current_month=09&amp;current_day=04&amp;current_time=002544&amp;event_id=614&amp;ee_reg_id=a9c587015dc7a7676b8cde6177b3ebfe-6a9a4840463e76.91846968&amp;contact_email=francelatreille1@gmail.com&amp;start_year=2026&amp;start_month=11&amp;start_day=26&amp;start_time=090700&amp;end_year=2026&amp;end_month=11&amp;end_day=26&amp;end_time=090700&amp;event_summary=\u00c0 DISTANCE - Formation Gestion de l'influence &amp; d'impact&amp;ee_reg_url=https:\/\/lagrandeecoledesaffaires.com\/index.php\/calendrier\/?ee=614&amp;site_url=https:\/\/lagrandeecoledesaffaires.com&amp;organization=La Grande \u00c9cole des affaires&amp;location=1030 Chemin de L\\'H\u00e9ritage N\/A, Oui J0R 1T0 Canada\" id=\"espresso_ical_614\" class=\"espresso_ical_link\" title=\"Import au format iCal\"><img decoding=\"async\" src=\"https:\/\/lagrandeecoledesaffaires.com\/wp-content\/plugins\/event-espresso\/images\/icons\/calendar_link.png\"><\/a>\t\t<\/p>\n\t<\/div>\n\n\t <p id=\"available_spaces-614\" class=\"spaces-available\"><span class=\"section-title\">Places disponibles pour cet \u00e9v\u00e9nement :<\/span> 18<\/p>\n\t\t\t\t\t\t\t<p id=\"register_link-614\" class=\"register-link-footer\">\n\t\t\t\t\t<a class=\"a_register_link ui-button ui-button-big ui-priority-primary ui-state-default ui-state-hover ui-state-focus ui-corner-all\" id=\"a_register_link-614\" href=\"https:\/\/lagrandeecoledesaffaires.com\/index.php\/calendrier\/?ee=614\" title=\"\u00c0 DISTANCE - Formation Gestion de l'influence & d'impact\">R\u00e9server en ligne<\/a>\n\t\t\t\t\t\t\t\t\t<\/p>\n\t\t\n<\/div><!-- \/ .event-data-display -->\n<\/div><!-- \/ .event-display-boxes -->\n<\/div><\/div><\/div>\n<\/div>\n<\/div><\/div><div id=\"panel-612-0-1-2\" class=\"so-panel widget widget_sow-editor\" data-index=\"5\" ><div\n\t\t\t\n\t\t\tclass=\"so-widget-sow-editor so-widget-sow-editor-base\"\n\t\t\t\n\t\t>\n<div class=\"siteorigin-widget-tinymce textwidget\">\n\t<p><a class=\"button\" href=\"https:\/\/lagrandeecoledesaffaires.com\/index.php\/en-entreprise\/\">Formation en entreprise disponible<\/a><\/p>\n<\/div>\n<\/div><\/div><div id=\"panel-612-0-1-3\" class=\"so-panel widget widget_sow-editor\" data-index=\"6\" ><div\n\t\t\t\n\t\t\tclass=\"so-widget-sow-editor so-widget-sow-editor-base\"\n\t\t\t\n\t\t>\n<div class=\"siteorigin-widget-tinymce textwidget\">\n\t<p><iframe loading=\"lazy\" title=\"YouTube video player\" src=\"https:\/\/www.youtube.com\/embed\/TVHROXH_GF8\" width=\"800\" height=\"450\" frameborder=\"0\" allowfullscreen=\"allowfullscreen\" data-mce-fragment=\"1\"><\/iframe><\/p>\n<h2>Cette formation vous int\u00e9resse ?<br \/>\nContactez-nous<\/h2>\n<\/div>\n<\/div><\/div><div id=\"panel-612-0-1-4\" class=\"so-panel widget widget_sow-contact-form panel-last-child\" data-index=\"7\" ><div\n\t\t\t\n\t\t\tclass=\"so-widget-sow-contact-form so-widget-sow-contact-form-default-27da056a8e04-612\"\n\t\t\t\n\t\t>\t<form\n\t\taction=\"\/index.php\/wp-json\/wp\/v2\/pages\/612\"\n\t\tmethod=\"POST\"\n\t\tclass=\"sow-contact-form\"\n\t\tid=\"contact-form-3455\"\n\t>\n\n\t\t\n\t\t            <p><em>Les champs marqu\u00e9s d\u2019un * sont obligatoires<\/em><\/p>\n\t\t\t\t\t\t<div class=\"sow-form-field sow-form-field-name\">\n\t\t\t\t\t\t\t\t<div class=\"sow-field-container\">\n\t\t\t\t\t\t\t<input\n\t\t\ttype=\"text\"\n\t\t\tname=\"votre-nom-1\"\n\t\t\tid=\"sow-contact-form-field-votre-nom-1\"\n\t\t\tvalue=\"\"\n\t\t\tclass=\"sow-text-field\"\n\t\t\tplaceholder=\"Votre nom*\"\t\t\t\t\t\/>\n\t\t\t\t\t\t<\/div>\n\t\t\t\t\t\t\t<\/div>\n\t\t\t\t\t\t<div class=\"sow-form-field sow-form-field-email\">\n\t\t\t\t\t\t\t\t<div class=\"sow-field-container\">\n\t\t\t\t\t\t\t<input\n\t\t\ttype=\"email\"\n\t\t\tname=\"votre-adresse-de-messagerie-1\"\n\t\t\tid=\"sow-contact-form-field-votre-adresse-de-messagerie-1\"\n\t\t\tvalue=\"\"\n\t\t\tclass=\"sow-text-field\"placeholder=\"Votre adresse de messagerie*\"\t\t\t\t\t\t\t\t\/>\n\t\t\t\t\t\t<\/div>\n\t\t\t\t\t\t\t<\/div>\n\t\t\t\t\t\t<div class=\"sow-form-field sow-form-field-textarea\">\n\t\t\t\t\t\t\t\t<div class=\"sow-field-container\">\n\t\t\t\t\t\t\t<textarea\n\t\t\tname=\"message-1\"\n\t\t\tid=\"sow-contact-form-field-message-1\"\n\t\t\trows=\"10\"\n\t\t\tplaceholder=\"Message*\"\t\t\t\t\t><\/textarea>\n\t\t\t\t\t\t<\/div>\n\t\t\t\t\t\t\t<\/div>\n\t\t\t\n\t\t\n\t\t<div class=\"sow-submit-wrapper \n\t\tsow-submit-styled\t\t\">\n\n\t\t\t<button\n\t\t\t\ttype=\"submit\"\n\t\t\t\tclass=\"sow-submit\n\t\t\t\t\t\t\t\t\"\n\t\t\t\t\t\t\t>\n\t\t\t\tContactez-nous\t\t\t<\/button>\n\t\t<\/div>\n\t\t\t\t<input\n\t\t\ttype=\"hidden\"\n\t\t\tname=\"instance_hash-1\"\n\t\t\tvalue=\"34553ca0\"\n\t\t\/>\n\n\t\t<input type=\"hidden\" id=\"_wpnonce\" name=\"_wpnonce\" value=\"c0627ea570\" \/><input type=\"hidden\" name=\"_wp_http_referer\" value=\"\/index.php\/wp-json\/wp\/v2\/pages\/612\" \/>\t<\/form>\n\t<\/div><\/div><\/div><\/div><\/div>","protected":false},"excerpt":{"rendered":"<p>GESTION D\u2019INFLUENCE D\u00e9veloppez votre capacit\u00e9 \u00e0 mobiliser, convaincre et faire avancer les personnes, les projets et les d\u00e9cisions sans avoir uniquement\u00a0 l&rsquo;autorit\u00e9 ou le pouvoir hi\u00e9rarchique. C&rsquo;est savoir cr\u00e9er suffisamment de confiance, de cr\u00e9dibilit\u00e9 et d&rsquo;adh\u00e9sion pour amener les autres \u00e0 \u00e9couter, comprendre, collaborer et agir. Dans un environnement professionnel en constante acc\u00e9l\u00e9ration et incertitude,&hellip;&nbsp;<\/p>\n","protected":false},"author":1,"featured_media":10230,"parent":0,"menu_order":0,"comment_status":"closed","ping_status":"closed","template":"","meta":{"neve_meta_sidebar":"","neve_meta_container":"","neve_meta_enable_content_width":"off","neve_meta_content_width":100,"neve_meta_title_alignment":"","neve_meta_author_avatar":"","neve_post_elements_order":"","neve_meta_disable_header":"","neve_meta_disable_footer":"","neve_meta_disable_title":"","footnotes":""},"class_list":["post-612","page","type-page","status-publish","has-post-thumbnail","hentry"],"_links":{"self":[{"href":"https:\/\/lagrandeecoledesaffaires.com\/index.php\/wp-json\/wp\/v2\/pages\/612","targetHints":{"allow":["GET"]}}],"collection":[{"href":"https:\/\/lagrandeecoledesaffaires.com\/index.php\/wp-json\/wp\/v2\/pages"}],"about":[{"href":"https:\/\/lagrandeecoledesaffaires.com\/index.php\/wp-json\/wp\/v2\/types\/page"}],"author":[{"embeddable":true,"href":"https:\/\/lagrandeecoledesaffaires.com\/index.php\/wp-json\/wp\/v2\/users\/1"}],"replies":[{"embeddable":true,"href":"https:\/\/lagrandeecoledesaffaires.com\/index.php\/wp-json\/wp\/v2\/comments?post=612"}],"version-history":[{"count":210,"href":"https:\/\/lagrandeecoledesaffaires.com\/index.php\/wp-json\/wp\/v2\/pages\/612\/revisions"}],"predecessor-version":[{"id":11018,"href":"https:\/\/lagrandeecoledesaffaires.com\/index.php\/wp-json\/wp\/v2\/pages\/612\/revisions\/11018"}],"wp:featuredmedia":[{"embeddable":true,"href":"https:\/\/lagrandeecoledesaffaires.com\/index.php\/wp-json\/wp\/v2\/media\/10230"}],"wp:attachment":[{"href":"https:\/\/lagrandeecoledesaffaires.com\/index.php\/wp-json\/wp\/v2\/media?parent=612"}],"curies":[{"name":"wp","href":"https:\/\/api.w.org\/{rel}","templated":true}]}}