{"id":1502,"date":"2017-10-09T16:16:31","date_gmt":"2017-10-09T20:16:31","guid":{"rendered":"https:\/\/lagrandeecoledesaffaires.com\/?page_id=1502"},"modified":"2021-09-20T10:07:53","modified_gmt":"2021-09-20T14:07:53","slug":"conferences","status":"publish","type":"page","link":"https:\/\/lagrandeecoledesaffaires.com\/index.php\/conferences\/","title":{"rendered":"Conf\u00e9rences"},"content":{"rendered":"<p><strong>Raymond G.<\/strong><strong> Par\u00e9<\/strong> et<br \/>\n<strong>Wolf Blass<\/strong>,<br \/>\nPr\u00e9sident<br \/>\nWolf Blass<\/p>\n<p><img loading=\"lazy\" decoding=\"async\" class=\"alignnone size-medium wp-image-673\" src=\"https:\/\/lagrandeecoledesaffaires.com\/wp-content\/uploads\/2017\/01\/Logo_Wolf_Blass1-300x108.jpg\" alt=\"\" width=\"300\" height=\"108\" srcset=\"https:\/\/lagrandeecoledesaffaires.com\/wp-content\/uploads\/2017\/01\/Logo_Wolf_Blass1-300x108.jpg 300w, https:\/\/lagrandeecoledesaffaires.com\/wp-content\/uploads\/2017\/01\/Logo_Wolf_Blass1.jpg 301w\" sizes=\"auto, (max-width: 300px) 100vw, 300px\" \/><\/p>\n<p>Conf\u00e9rence \u00e0 l&rsquo;H\u00f4tel Reine \u00c9lizabeth,<br \/>\nMontr\u00e9al, R\u00e9zo PDR[huge_it_videogallery id=&rsquo;2&prime;]<\/p>\n<h2><img loading=\"lazy\" decoding=\"async\" class=\"size-full wp-image-990 alignleft\" style=\"margin-right: 20px;\" src=\"https:\/\/lagrandeecoledesaffaires.com\/wp-content\/uploads\/2017\/02\/GuyPare09-3001.jpg\" alt=\"\" width=\"300\" height=\"641\" srcset=\"https:\/\/lagrandeecoledesaffaires.com\/wp-content\/uploads\/2017\/02\/GuyPare09-3001.jpg 300w, https:\/\/lagrandeecoledesaffaires.com\/wp-content\/uploads\/2017\/02\/GuyPare09-3001-140x300.jpg 140w\" sizes=\"auto, (max-width: 300px) 100vw, 300px\" \/>UN ORATEUR D&rsquo;EXCEPTION!<br \/>\nUN\u00a0CONF\u00c9RENCIER AU PARCOURS INCOMPARABLE!<\/h2>\n<p>Conf\u00e9rence et formation a distance via webcam pro.<\/p>\n<h3><span style=\"color: #ff0000;\">\u00a0AEETS Association des \u00e9tudiants de ETS .<\/span><span style=\"color: #ff0000;\">\u00c9cole Technologie Sup\u00e9rieure.<\/span><span style=\"color: #ff0000;\">Sujet: L&rsquo;Art de N\u00e9gocier dans un contexte universitaire et notre profession d&rsquo;ing\u00e9nieur en devenir.<\/span><span style=\"color: #ff0000;\">\u00a0Ovation et applaudissement des \u00a0finissants en engineering.\u00a0<\/span><\/h3>\n<p><span style=\"color: #0000ff;\">Gestion Financi\u00e8re MD. Propri\u00e9t\u00e9 de AMC \u00a0 (<\/span><span style=\"color: #0000ff; font-weight: inherit;\">Association M\u00e9dicale Canadienne); L\u2019art de N\u00e9gocier \u00a0Merci Raymond Guy, au del\u00e0 de nos attentes.<\/span><\/p>\n<h3>\u00a0De l&rsquo;\u00e9nergie \u00e0 revendre, un charisme sans pareil, ainsi qu&rsquo;un\u00a0parcours incomparable, riche d&rsquo;exp\u00e9riences qui donnent de la profondeur \u00e0 ses conf\u00e9rences et prouvent qu&rsquo;il ne faut jamais perdre de vue ses buts!<\/h3>\n<p>Depuis d\u00e9j\u00e0 pr\u00e8s de 25 ans, il partage ses connaissances avec passion, poursuivant un cheminement unique marqu\u00e9 par l&rsquo;\u00e9nergie, les concepts innovateurs et un incroyable talent pour la mobilisation d&rsquo;\u00e9quipes, notamment au sein du programme <strong>ATTITUDE CLIENT,exp\u00e9rience client\u00a0<\/strong>dont il est le fondateur.<\/p>\n<p>CONF\u00c9RENCE ATTITUDE CLIENT<\/p>\n<p>CONF\u00c9RENCE ATTITUDE CITOYEN<\/p>\n<p><em><strong>CONF\u00c9RENCE ATTITUDE PATIENT<\/strong><\/em><\/p>\n<p>CONF\u00c9RENCE ATTITUDE COLL\u00c8GUES<\/p>\n<p>CONF\u00c9RENCE LE LEADERSHIP<\/p>\n<p>CONF\u00c9RENCE COURAGE MANAG\u00c9RIAL<\/p>\n<p>CONF\u00c9RENCE GESTION DU CHANGEMENT<\/p>\n<p>CONF\u00c9RENCE GESTION DE MON TEMPS, STRESS ET \u00c9MOTIONS<\/p>\n<p>CONF\u00c9RENCE L&rsquo;ART DE N\u00c9GOCIER<\/p>\n<p>&nbsp;<\/p>\n<p><span style=\"color: #ff0000;\"><strong>L\u2019h\u00f4pital de Hawkesbury est actuellement la deuxi\u00e8me meilleure H\u00f4pital\u00a0 au Canada pour les bons soins de sant\u00e9.<\/strong><\/span><\/p>\n<p><span style=\"color: #ff0000;\"><strong> (Maclean&rsquo;s, Source Le Droit 27 ao\u00fbt 2019).<\/strong><\/span><\/p>\n<p><em><b><span style=\"color: #000080;\">La Grande \u00c9cole des Affaires<\/span> a form\u00e9 l\u2019ensemble du personnel de l&rsquo;h\u00f4pital de Hawkesbury,\u00a0 incluant m\u00e9decins et haute direction en Attitude patient\/coll\u00e8gues et les gestionnaires en N\u00e9gociation Strat\u00e9gique et Leadership de Gestion.Monsieur Par\u00e9 y a particip\u00e9.<\/b><\/em><\/p>\n<p><em><strong><span style=\"color: #ff0000;\">Avec La Grande \u00c9cole des Affaires, vous permettez \u00e0 votre \u00e9quipe: d&rsquo;apprendre rapidement ce que la vie enseigne en plusieurs ann\u00e9es.<\/span><\/strong><\/em><\/p>\n<p>Nous offrons de la formation depuis d\u00e9j\u00e0 30 ans et les cas de succ\u00e8s story sont nombreux chez nos clients<\/p>\n<p><strong>TOUTES CES CONF\u00c9RENCES SONT ADAPT\u00c9S A VOTRE ORGANISATION ET LE TITRE DE CHACUNE PORTERA UN NOM QUI EST ACTIVATEUR OU ILS SE SENTIRONS CONCERN\u00c9S. LES PARTICIPANT S&rsquo;IMPLIQUERONS PAR LES EXEMPLES CHOISIS.ILS FONT ET SENTIRONS FAIRE PARTIE D&rsquo;UN TOUT.ILS PARTICIPERONS A LA CONF\u00c9RENCE COMME SI ILS EN \u00c9TAIT LES INSTIGATEURS. SUCC\u00c8S ET R\u00c9SULTATS GARANTIS. via webcam pro.<\/strong><\/p>\n<p>&nbsp;<\/p>\n<p><b>Organiser une conf\u00e9rence est une gestion de projet.<\/b><\/p>\n<p><strong>\u00a0<\/strong><\/p>\n<p>Les conf\u00e9rences se donne a Montr\u00e9al, Laval, Longueuil, Gatineau, Drummondville, Trois-Rivi\u00e8res, Qu\u00e9bec, La Malbaie, Mont Tremblant, Rouyn-Noranda,Chicoutimi, Rimouski, Nunavik et partout au Canada et en Europe.<\/p>\n<p>TOUTES LES CONF\u00c9RENCES ONT UN SUPPORT VISUEL HAUTE D\u00c9FINITION<\/p>\n<p><strong>Besoin UFC, jumelez l&rsquo;utile a l&rsquo;agr\u00e9able enfin disponible.<\/strong><\/p>\n<p>&nbsp;<\/p>\n<p><strong><br \/>\nEn fait, Raymond G. Par\u00e9,<br \/>\nc&rsquo;est Monsieur Attitude!<br \/>\n<\/strong><br \/>\nTel qu&rsquo;en t\u00e9moignent des dizaines de milliers de personnes ayant assist\u00e9 \u00e0 l&rsquo;une ou l&rsquo;autre de ses formations ou conf\u00e9rences, ses prestations suscitent des prises de conscience qui non seulement donnent envie de se d\u00e9passer, mais mobilisent indubitablement!<\/p>\n<p>&nbsp;<\/p>\n<p>R\u00e9v\u00e9lant les attitudes gagnantes, les comportements \u00e0 \u00e9viter, ainsi que des solutions \u00e0 la fois innovantes\u00a0et r\u00e9alistes, applicables d\u00e8s le lendemain. Ses prestations ont souvent marqu\u00e9 de mani\u00e8re irr\u00e9versible les attitudes et le parcours de plusieurs participants, lesquels rencontr\u00e9s aux hasards de la vie, parfois m\u00eame 5 ou 10 ans plus tard, ne manquent pas alors de l&rsquo;interpeller afin de lui r\u00e9v\u00e9ler leurs succ\u00e8s et leurs\u00a0joie de vivre:<\/p>\n<p>&nbsp;<\/p>\n<blockquote><p><em>\u00ab\u00a0Merci monsieur Par\u00e9! Vous avez chang\u00e9 ma fa\u00e7on de voir et faire les choses. Je ne vous remercierai jamais assez.\u00a0\u00bb<br \/>\n<\/em><\/p><\/blockquote>\n<h3>\u00a0 Bref, du v\u00e9cu!<\/h3>\n<p>M. Par\u00e9 est quelqu&rsquo;un qui captive leur attention, les fait progresser et sait faire passer\u00a0vos messages avec subtilit\u00e9.\u00a0Il\u00a0est\u00a0porteur de changements et de r\u00e9sultats, qui d\u00e9veloppe un optimiste qui permet aux participants de vouloir se d\u00e9passer. Tout est dans l&rsquo;attitude.<\/p>\n<h3 style=\"text-align: center;\"><strong><span style=\"color: #ff0000;\">M. Par\u00e9 n&rsquo;est pas un humoriste,\u00a0il est plus qu&rsquo;un motivateur: avec M. Par\u00e9, on \u00e9coute, on sourit, on rit (quelques fois de soi m\u00eame ou d&rsquo;une circonstance v\u00e9cue dans l&rsquo;entreprise), on se motive et on se mobilise! Voil\u00e0 toute une diff\u00e9rence!<\/span><\/strong><\/h3>\n<p>M. Par\u00e9 a du panache, sa voix est \u00e0 la fois forte et agr\u00e9able: une vraie voix de conf\u00e9rencier. Son message porte, son empathie naturelle\u00a0 pour les autres se ressent jusqu&rsquo;au fond de la salle.<\/p>\n<p>Chaque conf\u00e9rence de <strong>Raymond G. Par\u00e9<\/strong> est efficacement support\u00e9e par une <strong>pr\u00e9sentation visuelle PowerPoint Haute D\u00e9finition,<\/strong> pr\u00e9par\u00e9e par l&rsquo;\u00e9quipe\u00a0<strong>GEA<\/strong>\u00a0pour votre entreprise ou organisation, incluant vos photos et des images repr\u00e9sentatives de votre secteur d&rsquo;activit\u00e9s. Ainsi, les participants se reconnaissent, la pr\u00e9sentation renforce l&rsquo;attention et la compr\u00e9hension des visuels, tout en valorisant l&rsquo;image de votre entreprise et dynamisant votre \u00e9v\u00e9nement.<\/p>\n<p><em>Pour plus d&rsquo;informations \u00e9crivez-nous \u00e0 <a href=\"mailto:info@lagrandeecoledesaffaires.com\">info@lagrandeecoledesaffaires.com<\/a> <\/em><br \/>\n<em>ou <a href=\"https:\/\/lagrandeecoledesaffaires.com\/index.php\/nous-joindre\/\">appelez-nous<\/a> au afin d&rsquo;\u00e9valuer les possibilit\u00e9s.<\/em><\/p>\n<blockquote><p><em>\u00ab\u00a0Monsieur Par\u00e9: La pr\u00e9sente est pour vous remercier de l&rsquo;excellente conf\u00e9rence que vous avez donn\u00e9e lors de notre rencontre des cadres en septembre dernier.<br \/>\nEn effet, votre exp\u00e9rience de la n\u00e9gociation ainsi que vos comp\u00e9tences d&rsquo;orateur ont su rejoindre les pr\u00e9occupations des participants lors de cette conf\u00e9rence \u00e0 la fois humoristique et en m\u00eame temps tr\u00e8s pratique.<\/em><\/p>\n<p><strong>M\u00eame si nous avons l&rsquo;habitude d&rsquo;entendre des conf\u00e9renciers,<\/strong> <strong>vous avez su nous impressionner, <\/strong><em>ce qui est, sans contredit, tout \u00e0 votre honneur. C&rsquo;est sans h\u00e9siter que je vous recommande \u00e0 quiconque est \u00e0 la recherche d&rsquo;un excellent conf\u00e9rencier.\u00a0\u00bb<\/em><\/p><\/blockquote>\n<p><em>Gilles Fortier, Directeur &#8211; Solutions informatiques<br \/>\nV.P. Centre de services partag\u00e9s<br \/>\n<strong>HYDRO-QU\u00c9BEC<br \/>\n<img loading=\"lazy\" decoding=\"async\" class=\"alignnone size-medium wp-image-676\" src=\"https:\/\/lagrandeecoledesaffaires.com\/wp-content\/uploads\/2017\/01\/logo_noir_hq_600dpi1-300x96.jpg\" alt=\"\" width=\"300\" height=\"96\" srcset=\"https:\/\/lagrandeecoledesaffaires.com\/wp-content\/uploads\/2017\/01\/logo_noir_hq_600dpi1-300x96.jpg 300w, https:\/\/lagrandeecoledesaffaires.com\/wp-content\/uploads\/2017\/01\/logo_noir_hq_600dpi1-600x191.jpg 600w, https:\/\/lagrandeecoledesaffaires.com\/wp-content\/uploads\/2017\/01\/logo_noir_hq_600dpi1-768x245.jpg 768w, https:\/\/lagrandeecoledesaffaires.com\/wp-content\/uploads\/2017\/01\/logo_noir_hq_600dpi1-1024x326.jpg 1024w\" sizes=\"auto, (max-width: 300px) 100vw, 300px\" \/><br \/>\n<\/strong><\/em><\/p>\n<hr \/>\n<blockquote><p><em>\u00ab\u00a0Monsieur Par\u00e9, au nom de tous les membres du Comit\u00e9 organisateur du dernier Convivium et en mon nom personnel, j&rsquo;aimerais vous remercier pour votre contribution remarqu\u00e9e au congr\u00e8s biennal de MPI (Meeting Professional International). La tr\u00e8s int\u00e9ressante conf\u00e9rence que vous avez donn\u00e9e a contribu\u00e9 au succ\u00e8s de cet \u00e9v\u00e9nement. Les sondages ainsi que tous les commentaires re\u00e7us allaient dans le m\u00eame sens: vous avez remport\u00e9 la palme Monsieur Par\u00e9! Des exemples: excellent, animateur fantastique, quelle merveilleuse performance, absolument exceptionnel, le meilleur conf\u00e9rencier que j&rsquo;ai jamais vu et entendu. Voil\u00e0 un conf\u00e9rencier qui nous apprend r\u00e9ellement quelque chose, quel talent, etc. Devant tant de louanges et ayant moi-m\u00eame \u00e9t\u00e9 emport\u00e9e par votre prestation, je ne peux qu&rsquo;esp\u00e9rer que nous aurons \u00e0 nouveau l&rsquo;occasion de travailler ensemble.\u00a0\u00bb<\/em><\/p><\/blockquote>\n<p>Lise Pinsonneault, Coordonnatrice<br \/>\nComit\u00e9 organisateur Convivium MPI Montr\u00e9al<br \/>\n<img loading=\"lazy\" decoding=\"async\" class=\"alignnone size-full wp-image-677\" src=\"https:\/\/lagrandeecoledesaffaires.com\/wp-content\/uploads\/2017\/01\/conviviumMPI1.jpg\" alt=\"\" width=\"59\" height=\"43\" \/><\/p>\n<hr \/>\n<blockquote><p><em>\u00ab\u00a0Je connais Monsieur Par\u00e9 depuis de nombreuses ann\u00e9es et j&rsquo;ai toujours admir\u00e9 sa facilit\u00e9 de communication et son esprit d&rsquo;entreprise. Il conna\u00eet les rouages d&rsquo;une organisation et surtout l&rsquo;importance du facteur humain dans le succ\u00e8s des entreprises et de leur p\u00e9rennit\u00e9. <\/em><\/p>\n<p><em>C&rsquo;est un motivateur hors pair qui utilise des arguments s&rsquo;appuyant sur la raison et le v\u00e9cu de chacun pour apporter des changements dans une organisation. Il est capable de mobiliser des gens autour d&rsquo;un m\u00eame objectif de croissance parce qu&rsquo;il fait appel \u00e0 leur int\u00e9r\u00eat personnel : satisfaction du travail bien fait, plaisir \u00e0 exceller et \u00e0 satisfaire tous les types de clients en ma\u00eetrisant les lois \u00e9l\u00e9mentaires de la psychologie et surtout, l&rsquo;immense satisfaction de d\u00e9crocher une vente.<\/em><\/p>\n<p><em>Je l&rsquo;ai \u00e9galement vu \u00e0 l&rsquo;\u0153uvre en tant que conf\u00e9rencier sur l&rsquo;art de la n\u00e9gociation et ce qui m&rsquo;a frapp\u00e9, c&rsquo;est\u00a0 <\/em><em>sa capacit\u00e9 \u00e0 d\u00e9dramatiser les situations les plus conflictuelles par un excellent contr\u00f4le de soi, de ses \u00e9<\/em><em>motions et par une meilleure connaissance des enjeux et des int\u00e9r\u00eats de chaque partie. Sa capacit\u00e9 <\/em><em>\u00e0 concilier divers points de vue m&rsquo;a toujours \u00e9tonn\u00e9 et c&rsquo;est une qualit\u00e9 que je lui envie.<\/em><\/p>\n<p><em>En tant que Pr\u00e9sident de Martin International et des Grands Explorateurs, j&rsquo;ai eu l&rsquo;occasion de rencontrer\u00a0 <\/em><em>plusieurs conf\u00e9renciers et formateurs\u00a0 Monsieur Par\u00e9 est l&rsquo;un des meilleurs que je connaisse.<\/em><\/p>\n<p>Amicales salutations,\u00a0\u00bb<\/p><\/blockquote>\n<p>&nbsp;<\/p>\n<p>Serge Martin<br \/>\nPr\u00e9sident<br \/>\nMARTIN INTERNATIONAL<br \/>\net<br \/>\nLES GRANDS EXPLORATEURS<\/p>\n<p>et<\/p>\n<p>Conseil de l&rsquo;environnement L&rsquo;ONU, New York<\/p>\n","protected":false},"excerpt":{"rendered":"<p>Raymond G. Par\u00e9 et Wolf Blass, Pr\u00e9sident Wolf Blass Conf\u00e9rence \u00e0 l&rsquo;H\u00f4tel Reine \u00c9lizabeth, Montr\u00e9al, R\u00e9zo PDR[huge_it_videogallery id=&rsquo;2&prime;] UN ORATEUR D&rsquo;EXCEPTION! UN\u00a0CONF\u00c9RENCIER AU PARCOURS INCOMPARABLE! Conf\u00e9rence et formation a distance via webcam pro. \u00a0AEETS Association des \u00e9tudiants de ETS .\u00c9cole Technologie Sup\u00e9rieure.Sujet: L&rsquo;Art de N\u00e9gocier dans un contexte universitaire et notre profession d&rsquo;ing\u00e9nieur en devenir.\u00a0Ovation&hellip;&nbsp;<\/p>\n","protected":false},"author":2,"featured_media":0,"parent":0,"menu_order":0,"comment_status":"closed","ping_status":"closed","template":"","meta":{"neve_meta_sidebar":"","neve_meta_container":"","neve_meta_enable_content_width":"","neve_meta_content_width":0,"neve_meta_title_alignment":"","neve_meta_author_avatar":"","neve_post_elements_order":"","neve_meta_disable_header":"","neve_meta_disable_footer":"","neve_meta_disable_title":"","footnotes":""},"class_list":["post-1502","page","type-page","status-publish","hentry"],"_links":{"self":[{"href":"https:\/\/lagrandeecoledesaffaires.com\/index.php\/wp-json\/wp\/v2\/pages\/1502","targetHints":{"allow":["GET"]}}],"collection":[{"href":"https:\/\/lagrandeecoledesaffaires.com\/index.php\/wp-json\/wp\/v2\/pages"}],"about":[{"href":"https:\/\/lagrandeecoledesaffaires.com\/index.php\/wp-json\/wp\/v2\/types\/page"}],"author":[{"embeddable":true,"href":"https:\/\/lagrandeecoledesaffaires.com\/index.php\/wp-json\/wp\/v2\/users\/2"}],"replies":[{"embeddable":true,"href":"https:\/\/lagrandeecoledesaffaires.com\/index.php\/wp-json\/wp\/v2\/comments?post=1502"}],"version-history":[{"count":6,"href":"https:\/\/lagrandeecoledesaffaires.com\/index.php\/wp-json\/wp\/v2\/pages\/1502\/revisions"}],"predecessor-version":[{"id":5538,"href":"https:\/\/lagrandeecoledesaffaires.com\/index.php\/wp-json\/wp\/v2\/pages\/1502\/revisions\/5538"}],"wp:attachment":[{"href":"https:\/\/lagrandeecoledesaffaires.com\/index.php\/wp-json\/wp\/v2\/media?parent=1502"}],"curies":[{"name":"wp","href":"https:\/\/api.w.org\/{rel}","templated":true}]}}